{"id":2126,"date":"2017-11-09T22:34:12","date_gmt":"2017-11-09T21:34:12","guid":{"rendered":"http:\/\/bsg-edeka.de\/?page_id=2126"},"modified":"2018-04-30T18:49:12","modified_gmt":"2018-04-30T16:49:12","slug":"freienbrink","status":"publish","type":"page","link":"https:\/\/www.bsg-edeka.de\/aktuelles\/betriebstaete\/laufen\/freienbrink\/","title":{"rendered":"Laufen Freienbrink"},"content":{"rendered":"<p>[et_pb_section bb_built=&#8220;1&#8243;][et_pb_row][et_pb_column type=&#8220;4_4&#8243;][et_pb_post_title admin_label=&#8220;Posttitel Laufen Freienbrink&#8220; _builder_version=&#8220;3.0.106&#8243; title=&#8220;on&#8220; meta=&#8220;off&#8220; author=&#8220;on&#8220; date=&#8220;on&#8220; categories=&#8220;on&#8220; comments=&#8220;on&#8220; featured_image=&#8220;on&#8220; featured_placement=&#8220;below&#8220; text_color=&#8220;dark&#8220; text_background=&#8220;off&#8220; \/][\/et_pb_column][\/et_pb_row][et_pb_row][et_pb_column type=&#8220;3_4&#8243;][et_pb_blog admin_label=&#8220;Blog Laufen Freienbrink&#8220; _builder_version=&#8220;3.0.86&#8243; include_categories=&#8220;40&#8243; show_content=&#8220;on&#8220; show_thumbnail=&#8220;on&#8220; show_more=&#8220;off&#8220; show_author=&#8220;on&#8220; show_date=&#8220;on&#8220; show_categories=&#8220;on&#8220; show_comments=&#8220;off&#8220; show_pagination=&#8220;off&#8220; fullwidth=&#8220;on&#8220; use_dropshadow=&#8220;off&#8220; use_overlay=&#8220;off&#8220; background_layout=&#8220;light&#8220; pagination_font_size_tablet=&#8220;51&#8243; pagination_line_height_tablet=&#8220;2&#8243; box_shadow_color=&#8220;rgba(0,0,0,0.3)&#8220; box_shadow_style=&#8220;none&#8220; \/][\/et_pb_column][et_pb_column type=&#8220;1_4&#8243;][et_pb_sidebar _builder_version=&#8220;3.0.86&#8243; area=&#8220;sidebar-1&#8243; orientation=&#8220;left&#8220; show_border=&#8220;on&#8220; background_layout=&#8220;light&#8220; \/][\/et_pb_column][\/et_pb_row][et_pb_row][et_pb_column type=&#8220;4_4&#8243;][et_pb_text _builder_version=&#8220;3.0.106&#8243; background_layout=&#8220;light&#8220;]<\/p>\n<div id=\"pl-2126\" class=\"panel-layout\">\n<div id=\"pg-2126-0\" class=\"panel-grid panel-no-style\" data-style=\"{&quot;background_display&quot;:&quot;tile&quot;}\">\n<table>\n<tbody>\n<tr>\n<td><a href=\"http:\/\/www.bsg-edeka.de\/wp-content\/uploads\/2014\/06\/Laufen.jpg\"><img loading=\"lazy\" decoding=\"async\" class=\"alignleft wp-image-837\" src=\"http:\/\/bsg-edeka.de\/wp-content\/uploads\/2014\/06\/Laufen-300x225.jpg\" alt=\"Laufen\" width=\"600\" height=\"450\" \/><\/a><\/td>\n<td>Auf einen Blick:<\/p>\n<p>\u00dcbungszeiten:<br \/>\nKeine festen gemeinsamen Trainingszeiten, in der Saison regelm\u00e4\u00dfige Teilnahme an verschiedenen Volksl\u00e4ufen.<\/p>\n<p>Laufen kann jeder, aber man muss Spa\u00df daran haben! Einzelleistungen stehen bei uns nicht im Vordergrund bei uns z\u00e4hlt das Team.<\/td>\n<td><a href=\"http:\/\/www.bsg-edeka.de\/wp-content\/uploads\/2014\/07\/laufen-fb.jpg\"><img loading=\"lazy\" decoding=\"async\" class=\"alignright wp-image-331\" src=\"http:\/\/bsg-edeka.de\/wp-content\/uploads\/2014\/07\/laufen-fb-300x285.jpg\" alt=\"laufen fb\" width=\"600\" height=\"571\" srcset=\"https:\/\/www.bsg-edeka.de\/wp-content\/uploads\/2014\/07\/laufen-fb-300x285.jpg 300w, https:\/\/www.bsg-edeka.de\/wp-content\/uploads\/2014\/07\/laufen-fb.jpg 500w\" sizes=\"(max-width: 600px) 100vw, 600px\" \/><\/a><\/td>\n<\/tr>\n<\/tbody>\n<\/table>\n<\/div>\n<\/div>\n<div id=\"pl-2126\" class=\"panel-layout\"><\/div>\n<div id=\"pl-2126\" class=\"panel-layout\">\n<div id=\"pg-2126-8\" class=\"panel-grid panel-no-style\" data-style=\"{&quot;background_display&quot;:&quot;tile&quot;}\">\n<div id=\"pgc-2126-8-0\" class=\"panel-grid-cell\" data-weight=\"0.5\">\n<div id=\"panel-2126-8-0-0\" class=\"so-panel widget widget_black-studio-tinymce widget_black_studio_tinymce panel-first-child panel-last-child\" data-style=\"{&quot;background_display&quot;:&quot;tile&quot;}\" data-index=\"15\">\n<div class=\"textwidget\">\n<hr \/>\n<p><a href=\"http:\/\/bsg-edeka.de\/wp-content\/uploads\/2015\/03\/7.Potsdam-Schlo\u0308sserlauf-2017-.pdf\">7.Potsdam Schlo\u0308sserlauf 2017<\/a><\/p>\n<\/div>\n<\/div>\n<\/div>\n<div id=\"pgc-2126-8-1\" class=\"panel-grid-cell\" data-weight=\"0.5\">\n<div id=\"panel-2126-8-1-0\" class=\"so-panel widget widget_black-studio-tinymce widget_black_studio_tinymce panel-first-child panel-last-child\" data-style=\"{&quot;background_display&quot;:&quot;tile&quot;}\" data-index=\"16\">\n<div class=\"textwidget\">\n<hr \/>\n<p><a href=\"http:\/\/bsg-edeka.de\/wp-content\/uploads\/2015\/03\/7.Potsdam-Schlo\u0308sserlauf-2017-_page1_image7.jpg\"><img loading=\"lazy\" decoding=\"async\" class=\"alignleft wp-image-3725 size-medium\" src=\"http:\/\/bsg-edeka.de\/wp-content\/uploads\/2015\/03\/7.Potsdam-Schlo\u0308sserlauf-2017-_page1_image7-300x202.jpg\" alt=\"\" width=\"300\" height=\"202\" srcset=\"https:\/\/www.bsg-edeka.de\/wp-content\/uploads\/2015\/03\/7.Potsdam-Schlo\u0308sserlauf-2017-_page1_image7-300x202.jpg 300w, https:\/\/www.bsg-edeka.de\/wp-content\/uploads\/2015\/03\/7.Potsdam-Schlo\u0308sserlauf-2017-_page1_image7.jpg 748w\" sizes=\"(max-width: 300px) 100vw, 300px\" \/><\/a><a href=\"http:\/\/bsg-edeka.de\/wp-content\/uploads\/2015\/03\/7.Potsdam-Schlo\u0308sserlauf-2017-_page1_image11.png\"><img loading=\"lazy\" decoding=\"async\" class=\"alignleft wp-image-3726 size-medium\" src=\"http:\/\/bsg-edeka.de\/wp-content\/uploads\/2015\/03\/7.Potsdam-Schlo\u0308sserlauf-2017-_page1_image11-225x300.png\" alt=\"\" width=\"225\" height=\"300\" srcset=\"https:\/\/www.bsg-edeka.de\/wp-content\/uploads\/2015\/03\/7.Potsdam-Schlo\u0308sserlauf-2017-_page1_image11-225x300.png 225w, https:\/\/www.bsg-edeka.de\/wp-content\/uploads\/2015\/03\/7.Potsdam-Schlo\u0308sserlauf-2017-_page1_image11.png 446w\" sizes=\"(max-width: 225px) 100vw, 225px\" \/><\/a><a href=\"http:\/\/bsg-edeka.de\/wp-content\/uploads\/2015\/03\/7.Potsdam-Schlo\u0308sserlauf-2017-_page1_image13.png\"><img loading=\"lazy\" decoding=\"async\" class=\"alignleft wp-image-3727 size-medium\" src=\"http:\/\/bsg-edeka.de\/wp-content\/uploads\/2015\/03\/7.Potsdam-Schlo\u0308sserlauf-2017-_page1_image13-228x300.png\" alt=\"\" width=\"228\" height=\"300\" srcset=\"https:\/\/www.bsg-edeka.de\/wp-content\/uploads\/2015\/03\/7.Potsdam-Schlo\u0308sserlauf-2017-_page1_image13-228x300.png 228w, https:\/\/www.bsg-edeka.de\/wp-content\/uploads\/2015\/03\/7.Potsdam-Schlo\u0308sserlauf-2017-_page1_image13-768x1011.png 768w, https:\/\/www.bsg-edeka.de\/wp-content\/uploads\/2015\/03\/7.Potsdam-Schlo\u0308sserlauf-2017-_page1_image13.png 773w\" sizes=\"(max-width: 228px) 100vw, 228px\" \/><br \/>\n<\/a><\/p>\n<p>&nbsp;<\/p>\n<p>&nbsp;<\/p>\n<p>&nbsp;<\/p>\n<p>&nbsp;<\/p>\n<p>&nbsp;<\/p>\n<\/div>\n<\/div>\n<\/div>\n<\/div>\n<div id=\"pg-2126-9\" class=\"panel-grid panel-no-style\" data-style=\"{&quot;background_display&quot;:&quot;tile&quot;}\">\n<div id=\"pgc-2126-9-0\" class=\"panel-grid-cell\" data-weight=\"0.5\">\n<div id=\"panel-2126-9-0-0\" class=\"so-panel widget widget_black-studio-tinymce widget_black_studio_tinymce panel-first-child panel-last-child\" data-style=\"{&quot;background_display&quot;:&quot;tile&quot;}\" data-index=\"17\">\n<div class=\"textwidget\">\n<hr \/>\n<p><span style=\"font-size: 14pt; color: #333399;\">Laser-Run Meisterschaft\u00a02017<\/span><\/p>\n<p><span style=\"color: #333399;\"><span style=\"font-size: 14pt;\">5BDG\u00b4ler <\/span><\/span><\/p>\n<p>&nbsp;<\/p>\n<p><span style=\"font-size: 12pt; color: #000080;\"><span style=\"color: #333399;\">5 x 400 KM<\/span><\/span><\/p>\n<p><span style=\"color: #333399;\">Stefan,Gordon,Robert Stephan und Bardara.<\/span><\/p>\n<p>&nbsp;<\/p>\n<p>&nbsp;<\/p>\n<p><a href=\"http:\/\/bsg-edeka.de\/wp-content\/uploads\/2015\/03\/6-Laser-Run-2017-_page2_image7.jpg\"><img loading=\"lazy\" decoding=\"async\" class=\"alignleft size-medium wp-image-3695\" src=\"http:\/\/bsg-edeka.de\/wp-content\/uploads\/2015\/03\/6-Laser-Run-2017-_page2_image7-300x225.jpg\" alt=\"\" width=\"300\" height=\"225\" srcset=\"https:\/\/www.bsg-edeka.de\/wp-content\/uploads\/2015\/03\/6-Laser-Run-2017-_page2_image7-300x225.jpg 300w, https:\/\/www.bsg-edeka.de\/wp-content\/uploads\/2015\/03\/6-Laser-Run-2017-_page2_image7-768x576.jpg 768w, https:\/\/www.bsg-edeka.de\/wp-content\/uploads\/2015\/03\/6-Laser-Run-2017-_page2_image7.jpg 1024w\" sizes=\"(max-width: 300px) 100vw, 300px\" \/><br \/>\n<\/a><\/p>\n<p>&nbsp;<\/p>\n<p>&nbsp;<\/p>\n<p>&nbsp;<\/p>\n<p>&nbsp;<\/p>\n<p>&nbsp;<\/p>\n<p>&nbsp;<\/p>\n<p>&nbsp;<\/p>\n<p>&nbsp;<\/p>\n<p>&nbsp;<\/p>\n<p>&nbsp;<\/p>\n<p>&nbsp;<\/p>\n<p><span style=\"color: #333399;\"><a style=\"color: #333399;\" href=\"http:\/\/bsg-edeka.de\/wp-content\/uploads\/2015\/03\/6.Laser-Run-2017-.pdf\">6.Laser Run 2017<\/a><\/span><\/p>\n<p>&nbsp;<\/p>\n<p>&nbsp;<\/p>\n<p><span style=\"color: #333399;\">\u00a0<\/span><\/p>\n<p>&nbsp;<\/p>\n<\/div>\n<\/div>\n<\/div>\n<div id=\"pgc-2126-9-1\" class=\"panel-grid-cell\" data-weight=\"0.5\">\n<div id=\"panel-2126-9-1-0\" class=\"so-panel widget widget_black-studio-tinymce widget_black_studio_tinymce panel-first-child panel-last-child\" data-style=\"{&quot;background_display&quot;:&quot;tile&quot;}\" data-index=\"18\">\n<div class=\"textwidget\">\n<hr \/>\n<p>&nbsp;<\/p>\n<p>&nbsp;<\/p>\n<p><a href=\"http:\/\/bsg-edeka.de\/wp-content\/uploads\/2015\/03\/6-Laser-Run-2017-_page2_image8.png\"><img loading=\"lazy\" decoding=\"async\" class=\"alignleft wp-image-3697 size-medium\" src=\"http:\/\/bsg-edeka.de\/wp-content\/uploads\/2015\/03\/6-Laser-Run-2017-_page2_image8-300x225.png\" alt=\"\" width=\"300\" height=\"225\" srcset=\"https:\/\/www.bsg-edeka.de\/wp-content\/uploads\/2015\/03\/6-Laser-Run-2017-_page2_image8-300x225.png 300w, https:\/\/www.bsg-edeka.de\/wp-content\/uploads\/2015\/03\/6-Laser-Run-2017-_page2_image8-768x576.png 768w, https:\/\/www.bsg-edeka.de\/wp-content\/uploads\/2015\/03\/6-Laser-Run-2017-_page2_image8.png 771w\" sizes=\"(max-width: 300px) 100vw, 300px\" \/><\/a><\/p>\n<p>&nbsp;<\/p>\n<p>&nbsp;<\/p>\n<p>&nbsp;<\/p>\n<p>&nbsp;<\/p>\n<p>&nbsp;<\/p>\n<p>&nbsp;<\/p>\n<p>&nbsp;<\/p>\n<p><a href=\"http:\/\/bsg-edeka.de\/wp-content\/uploads\/2015\/03\/6-Laser-Run-2017-_page2_image9.jpg\"><img loading=\"lazy\" decoding=\"async\" class=\"alignleft size-medium wp-image-3698\" src=\"http:\/\/bsg-edeka.de\/wp-content\/uploads\/2015\/03\/6-Laser-Run-2017-_page2_image9-300x169.jpg\" alt=\"\" width=\"300\" height=\"169\" srcset=\"https:\/\/www.bsg-edeka.de\/wp-content\/uploads\/2015\/03\/6-Laser-Run-2017-_page2_image9-300x169.jpg 300w, https:\/\/www.bsg-edeka.de\/wp-content\/uploads\/2015\/03\/6-Laser-Run-2017-_page2_image9-768x432.jpg 768w, https:\/\/www.bsg-edeka.de\/wp-content\/uploads\/2015\/03\/6-Laser-Run-2017-_page2_image9.jpg 1024w\" sizes=\"(max-width: 300px) 100vw, 300px\" \/><\/a><\/p>\n<p>&nbsp;<\/p>\n<p>&nbsp;<\/p>\n<p>&nbsp;<\/p>\n<p>&nbsp;<\/p>\n<p>&nbsp;<\/p>\n<p><a href=\"http:\/\/bsg-edeka.de\/wp-content\/uploads\/2015\/03\/6-Laser-Run-2017-_page2_image13.jpg\"><img loading=\"lazy\" decoding=\"async\" class=\"alignleft size-medium wp-image-3699\" src=\"http:\/\/bsg-edeka.de\/wp-content\/uploads\/2015\/03\/6-Laser-Run-2017-_page2_image13-300x225.jpg\" alt=\"\" width=\"300\" height=\"225\" srcset=\"https:\/\/www.bsg-edeka.de\/wp-content\/uploads\/2015\/03\/6-Laser-Run-2017-_page2_image13-300x225.jpg 300w, https:\/\/www.bsg-edeka.de\/wp-content\/uploads\/2015\/03\/6-Laser-Run-2017-_page2_image13-768x576.jpg 768w, https:\/\/www.bsg-edeka.de\/wp-content\/uploads\/2015\/03\/6-Laser-Run-2017-_page2_image13.jpg 800w\" sizes=\"(max-width: 300px) 100vw, 300px\" \/><br \/>\n<\/a><\/p>\n<p>&nbsp;<\/p>\n<p>&nbsp;<\/p>\n<p>&nbsp;<\/p>\n<p>&nbsp;<\/p>\n<p>&nbsp;<\/p>\n<p>&nbsp;<\/p>\n<p>&nbsp;<\/p>\n<\/div>\n<\/div>\n<\/div>\n<\/div>\n<div id=\"pg-2126-10\" class=\"panel-grid panel-no-style\" data-style=\"{&quot;background_display&quot;:&quot;tile&quot;}\">\n<div id=\"pgc-2126-10-0\" class=\"panel-grid-cell\" data-weight=\"0.5\">\n<div id=\"panel-2126-10-0-0\" class=\"so-panel widget widget_black-studio-tinymce widget_black_studio_tinymce panel-first-child panel-last-child\" data-style=\"{&quot;background_display&quot;:&quot;tile&quot;}\" data-index=\"19\">\n<div class=\"textwidget\">\n<hr \/>\n<p>&nbsp;<\/p>\n<p>&nbsp;<\/p>\n<p><span style=\"font-size: 14pt; color: #333399;\">15. Spreeald-Halbmarathon 2017<\/span><\/p>\n<p><span style=\"color: #333399;\"><span style=\"font-size: 14pt;\">5BDG\u00b4ler <\/span><\/span><\/p>\n<p>&nbsp;<\/p>\n<p><span style=\"font-size: 12pt; color: #000080;\"><span style=\"color: #333399;\">21,50KM<\/span><\/span><\/p>\n<p><span style=\"color: #333399;\">Jens,Manfred,Dennis K,Gordon und Maret.<\/span><\/p>\n<p>&nbsp;<\/p>\n<p>&nbsp;<\/p>\n<p>&nbsp;<\/p>\n<p>&nbsp;<\/p>\n<p>&nbsp;<\/p>\n<p><span style=\"color: #333399;\"><a style=\"color: #333399;\" href=\"http:\/\/bsg-edeka.de\/wp-content\/uploads\/2015\/03\/5.Spreewald-2017-.pdf\">5.Spreewald 2017<\/a><\/span><\/p>\n<p>&nbsp;<\/p>\n<p>&nbsp;<\/p>\n<p>&nbsp;<\/p>\n<p>&nbsp;<\/p>\n<p>&nbsp;<\/p>\n<p>&nbsp;<\/p>\n<p><span style=\"color: #333399;\">\u00a0<\/span><\/p>\n<p>&nbsp;<\/p>\n<\/div>\n<\/div>\n<\/div>\n<div id=\"pgc-2126-10-1\" class=\"panel-grid-cell\" data-weight=\"0.5\">\n<div id=\"panel-2126-10-1-0\" class=\"so-panel widget widget_black-studio-tinymce widget_black_studio_tinymce panel-first-child panel-last-child\" data-style=\"{&quot;background_display&quot;:&quot;tile&quot;}\" data-index=\"20\">\n<div class=\"textwidget\">\n<hr \/>\n<p>&nbsp;<\/p>\n<p>&nbsp;<\/p>\n<p><a href=\"http:\/\/bsg-edeka.de\/wp-content\/uploads\/2015\/03\/5-Spreewald-2017-_page1_image7.jpg\"><img loading=\"lazy\" decoding=\"async\" class=\"alignleft wp-image-3690 size-medium\" src=\"http:\/\/bsg-edeka.de\/wp-content\/uploads\/2015\/03\/5-Spreewald-2017-_page1_image7-300x225.jpg\" alt=\"\" width=\"300\" height=\"225\" srcset=\"https:\/\/www.bsg-edeka.de\/wp-content\/uploads\/2015\/03\/5-Spreewald-2017-_page1_image7-300x225.jpg 300w, https:\/\/www.bsg-edeka.de\/wp-content\/uploads\/2015\/03\/5-Spreewald-2017-_page1_image7.jpg 640w\" sizes=\"(max-width: 300px) 100vw, 300px\" \/><\/a><\/p>\n<p>&nbsp;<\/p>\n<p>&nbsp;<\/p>\n<p>&nbsp;<\/p>\n<p>&nbsp;<\/p>\n<p>&nbsp;<\/p>\n<p>&nbsp;<\/p>\n<p>&nbsp;<\/p>\n<p>&nbsp;<\/p>\n<p>&nbsp;<\/p>\n<p><a href=\"http:\/\/bsg-edeka.de\/wp-content\/uploads\/2015\/03\/5-Spreewald-2017-_page1_image10.jpg\"><img loading=\"lazy\" decoding=\"async\" class=\"alignleft wp-image-3691 size-medium\" src=\"http:\/\/bsg-edeka.de\/wp-content\/uploads\/2015\/03\/5-Spreewald-2017-_page1_image10-225x300.jpg\" alt=\"\" width=\"225\" height=\"300\" srcset=\"https:\/\/www.bsg-edeka.de\/wp-content\/uploads\/2015\/03\/5-Spreewald-2017-_page1_image10-225x300.jpg 225w, https:\/\/www.bsg-edeka.de\/wp-content\/uploads\/2015\/03\/5-Spreewald-2017-_page1_image10.jpg 437w\" sizes=\"(max-width: 225px) 100vw, 225px\" \/><\/a><\/p>\n<\/div>\n<\/div>\n<\/div>\n<\/div>\n<div id=\"pg-2126-11\" class=\"panel-grid panel-no-style\" data-style=\"{&quot;background_display&quot;:&quot;tile&quot;}\">\n<div id=\"pgc-2126-11-0\" class=\"panel-grid-cell\" data-weight=\"0.5\">\n<div id=\"panel-2126-11-0-0\" class=\"so-panel widget widget_black-studio-tinymce widget_black_studio_tinymce panel-first-child panel-last-child\" data-style=\"{&quot;background_display&quot;:&quot;tile&quot;}\" data-index=\"21\">\n<div class=\"textwidget\">\n<hr \/>\n<p>&nbsp;<\/p>\n<p>&nbsp;<\/p>\n<p><span style=\"font-size: 14pt; color: #333399;\">Securitas Night Airport Run 2017<\/span><\/p>\n<p><span style=\"color: #333399;\"><span style=\"font-size: 14pt;\">6BDG\u00b4ler <\/span><\/span><\/p>\n<p>&nbsp;<\/p>\n<p><span style=\"font-size: 12pt; color: #000080;\"><span style=\"color: #333399;\">10 + 21,09KM<\/span><\/span><\/p>\n<p><span style=\"color: #333399;\">Jens,Manfred,Dennis K,und 3 Edeka SEH Mitarbeiter.<\/span><\/p>\n<p>&nbsp;<\/p>\n<p>&nbsp;<\/p>\n<p>&nbsp;<\/p>\n<p>&nbsp;<\/p>\n<p>&nbsp;<\/p>\n<p><span style=\"color: #333399;\"><a style=\"color: #333399;\" href=\"http:\/\/bsg-edeka.de\/wp-content\/uploads\/2015\/03\/4.Airportrun-2017-.pdf\">4.Airportrun 2017<\/a><\/span><\/p>\n<p>&nbsp;<\/p>\n<p>&nbsp;<\/p>\n<p>&nbsp;<\/p>\n<p>&nbsp;<\/p>\n<p>&nbsp;<\/p>\n<p>&nbsp;<\/p>\n<p><span style=\"color: #333399;\">\u00a0<\/span><\/p>\n<p>&nbsp;<\/p>\n<\/div>\n<\/div>\n<\/div>\n<div id=\"pgc-2126-11-1\" class=\"panel-grid-cell\" data-weight=\"0.5\">\n<div id=\"panel-2126-11-1-0\" class=\"so-panel widget widget_black-studio-tinymce widget_black_studio_tinymce panel-first-child panel-last-child\" data-style=\"{&quot;background_display&quot;:&quot;tile&quot;}\" data-index=\"22\">\n<div class=\"textwidget\">\n<hr \/>\n<p><a href=\"http:\/\/bsg-edeka.de\/wp-content\/uploads\/2015\/03\/4-Airportrun-2017-_page1_image12.jpg\"><img loading=\"lazy\" decoding=\"async\" class=\"alignleft wp-image-3686 size-medium\" src=\"http:\/\/bsg-edeka.de\/wp-content\/uploads\/2015\/03\/4-Airportrun-2017-_page1_image12-300x200.jpg\" alt=\"\" width=\"300\" height=\"200\" srcset=\"https:\/\/www.bsg-edeka.de\/wp-content\/uploads\/2015\/03\/4-Airportrun-2017-_page1_image12-300x200.jpg 300w, https:\/\/www.bsg-edeka.de\/wp-content\/uploads\/2015\/03\/4-Airportrun-2017-_page1_image12.jpg 692w\" sizes=\"(max-width: 300px) 100vw, 300px\" \/><\/a><\/p>\n<p>&nbsp;<\/p>\n<p>&nbsp;<\/p>\n<p>&nbsp;<\/p>\n<p>&nbsp;<\/p>\n<p><a href=\"http:\/\/bsg-edeka.de\/wp-content\/uploads\/2015\/03\/4-Airportrun-2017-_page1_image13.jpg\"><img loading=\"lazy\" decoding=\"async\" class=\"alignleft wp-image-3687 size-medium\" src=\"http:\/\/bsg-edeka.de\/wp-content\/uploads\/2015\/03\/4-Airportrun-2017-_page1_image13-300x200.jpg\" alt=\"\" width=\"300\" height=\"200\" srcset=\"https:\/\/www.bsg-edeka.de\/wp-content\/uploads\/2015\/03\/4-Airportrun-2017-_page1_image13-300x200.jpg 300w, https:\/\/www.bsg-edeka.de\/wp-content\/uploads\/2015\/03\/4-Airportrun-2017-_page1_image13.jpg 586w\" sizes=\"(max-width: 300px) 100vw, 300px\" \/><\/a><\/p>\n<\/div>\n<\/div>\n<\/div>\n<\/div>\n<div id=\"pg-2126-12\" class=\"panel-grid panel-no-style\" data-style=\"{&quot;background_display&quot;:&quot;tile&quot;}\">\n<div id=\"pgc-2126-12-0\" class=\"panel-grid-cell\" data-weight=\"0.5\">\n<div id=\"panel-2126-12-0-0\" class=\"so-panel widget widget_black-studio-tinymce widget_black_studio_tinymce panel-first-child panel-last-child\" data-style=\"{&quot;background_display&quot;:&quot;tile&quot;}\" data-index=\"23\">\n<div class=\"textwidget\">\n<hr \/>\n<p>&nbsp;<\/p>\n<p>&nbsp;<\/p>\n<p><span style=\"font-size: 14pt; color: #333399;\">37.Berliner Halbmarathon2017<\/span><\/p>\n<p><span style=\"color: #333399;\"><span style=\"font-size: 14pt;\">12BDG\u00b4ler <\/span><\/span><\/p>\n<p>&nbsp;<\/p>\n<p><span style=\"font-size: 12pt; color: #000080;\"><span style=\"color: #333399;\">21,09KM<\/span><\/span><\/p>\n<p><span style=\"color: #333399;\">Jens,Christian,Markus,Marcel H,Manfred,Dennis K,Dennis H,Maret,Jeanette,Marcel K,Jens und Barbara.<\/span><\/p>\n<p><span style=\"color: #333399;\"><a style=\"color: #333399;\" href=\"http:\/\/bsg-edeka.de\/wp-content\/uploads\/2015\/03\/3.Berliner-Halbmararthon-2017-.pdf\">3.Berliner Halbmararthon 2017<\/a><\/span><\/p>\n<\/div>\n<\/div>\n<\/div>\n<div id=\"pgc-2126-12-1\" class=\"panel-grid-cell\" data-weight=\"0.5\">\n<div id=\"panel-2126-12-1-0\" class=\"so-panel widget widget_black-studio-tinymce widget_black_studio_tinymce panel-first-child panel-last-child\" data-style=\"{&quot;background_display&quot;:&quot;tile&quot;}\" data-index=\"24\">\n<div class=\"textwidget\">\n<hr \/>\n<p><a href=\"http:\/\/bsg-edeka.de\/wp-content\/uploads\/2015\/03\/3-Berliner-Halbmararthon-2017-_page1_image7.jpg\"><img loading=\"lazy\" decoding=\"async\" class=\"alignleft wp-image-3681 size-medium\" src=\"http:\/\/bsg-edeka.de\/wp-content\/uploads\/2015\/03\/3-Berliner-Halbmararthon-2017-_page1_image7-300x225.jpg\" alt=\"\" width=\"300\" height=\"225\" srcset=\"https:\/\/www.bsg-edeka.de\/wp-content\/uploads\/2015\/03\/3-Berliner-Halbmararthon-2017-_page1_image7-300x225.jpg 300w, https:\/\/www.bsg-edeka.de\/wp-content\/uploads\/2015\/03\/3-Berliner-Halbmararthon-2017-_page1_image7.jpg 640w\" sizes=\"(max-width: 300px) 100vw, 300px\" \/><\/a><\/p>\n<p>&nbsp;<\/p>\n<p>&nbsp;<\/p>\n<p>&nbsp;<\/p>\n<p>&nbsp;<\/p>\n<p><a href=\"http:\/\/bsg-edeka.de\/wp-content\/uploads\/2015\/03\/3-Berliner-Halbmararthon-2017-_page1_image9.jpg\"><img loading=\"lazy\" decoding=\"async\" class=\"alignleft wp-image-3682 size-medium\" src=\"http:\/\/bsg-edeka.de\/wp-content\/uploads\/2015\/03\/3-Berliner-Halbmararthon-2017-_page1_image9-300x225.jpg\" alt=\"\" width=\"300\" height=\"225\" srcset=\"https:\/\/www.bsg-edeka.de\/wp-content\/uploads\/2015\/03\/3-Berliner-Halbmararthon-2017-_page1_image9-300x225.jpg 300w, https:\/\/www.bsg-edeka.de\/wp-content\/uploads\/2015\/03\/3-Berliner-Halbmararthon-2017-_page1_image9.jpg 539w\" sizes=\"(max-width: 300px) 100vw, 300px\" \/><\/a><\/p>\n<\/div>\n<\/div>\n<\/div>\n<\/div>\n<div id=\"pg-2126-13\" class=\"panel-grid panel-no-style\" data-style=\"{&quot;background_display&quot;:&quot;tile&quot;}\">\n<div id=\"pgc-2126-13-0\" class=\"panel-grid-cell\" data-weight=\"0.5\">\n<div id=\"panel-2126-13-0-0\" class=\"so-panel widget widget_black-studio-tinymce widget_black_studio_tinymce panel-first-child panel-last-child\" data-style=\"{&quot;background_display&quot;:&quot;tile&quot;}\" data-index=\"25\">\n<div class=\"textwidget\">\n<hr \/>\n<p>&nbsp;<\/p>\n<p>&nbsp;<\/p>\n<p><span style=\"font-size: 14pt; color: #333399;\">Frost-Wiesen Lauf 2017<\/span><\/p>\n<p><span style=\"color: #333399;\"><span style=\"font-size: 14pt;\">7BDG\u00b4ler <\/span><\/span><\/p>\n<p>&nbsp;<\/p>\n<p><span style=\"font-size: 12pt; color: #000080;\"><span style=\"color: #333399;\">10+20+30KM<\/span><\/span><\/p>\n<p><span style=\"color: #333399;\">Oli, Stephan, Robert, Markus, Manfred, Marcel, Dennis und Maret.<\/span><\/p>\n<p><a href=\"http:\/\/bsg-edeka.de\/wp-content\/uploads\/2015\/03\/2.Frostwiesen-Lauf-2017-_page1_image8.jpg\" rel=\"attachment wp-att-3150\"><img loading=\"lazy\" decoding=\"async\" class=\"alignleft wp-image-3641 size-medium\" src=\"http:\/\/bsg-edeka.de\/wp-content\/uploads\/2015\/03\/2.Frostwiesen-Lauf-2017-_page1_image8-300x225.jpg\" width=\"300\" height=\"225\" srcset=\"https:\/\/www.bsg-edeka.de\/wp-content\/uploads\/2015\/03\/2.Frostwiesen-Lauf-2017-_page1_image8-300x225.jpg 300w, https:\/\/www.bsg-edeka.de\/wp-content\/uploads\/2015\/03\/2.Frostwiesen-Lauf-2017-_page1_image8.jpg 470w\" sizes=\"(max-width: 300px) 100vw, 300px\" \/><\/a><\/p>\n<p>&nbsp;<\/p>\n<p>&nbsp;<\/p>\n<p>&nbsp;<\/p>\n<p>&nbsp;<\/p>\n<\/div>\n<\/div>\n<\/div>\n<div id=\"pgc-2126-13-1\" class=\"panel-grid-cell\" data-weight=\"0.5\">\n<div id=\"panel-2126-13-1-0\" class=\"so-panel widget widget_black-studio-tinymce widget_black_studio_tinymce panel-first-child panel-last-child\" data-style=\"{&quot;background_display&quot;:&quot;tile&quot;}\" data-index=\"26\">\n<div class=\"textwidget\">\n<hr \/>\n<p><a href=\"http:\/\/bsg-edeka.de\/wp-content\/uploads\/2015\/03\/2.Frostwiesen-Lauf-2017-_page1_image14.jpg\"><img loading=\"lazy\" decoding=\"async\" class=\"alignleft wp-image-3642 size-medium\" src=\"http:\/\/bsg-edeka.de\/wp-content\/uploads\/2015\/03\/2.Frostwiesen-Lauf-2017-_page1_image14-225x300.jpg\" width=\"225\" height=\"300\" srcset=\"https:\/\/www.bsg-edeka.de\/wp-content\/uploads\/2015\/03\/2.Frostwiesen-Lauf-2017-_page1_image14-225x300.jpg 225w, https:\/\/www.bsg-edeka.de\/wp-content\/uploads\/2015\/03\/2.Frostwiesen-Lauf-2017-_page1_image14.jpg 358w\" sizes=\"(max-width: 225px) 100vw, 225px\" \/><\/a><\/p>\n<p>&nbsp;<\/p>\n<p>&nbsp;<\/p>\n<p>&nbsp;<\/p>\n<p>&nbsp;<\/p>\n<p>&nbsp;<\/p>\n<p>&nbsp;<\/p>\n<p><a href=\"http:\/\/bsg-edeka.de\/wp-content\/uploads\/2015\/03\/2.Frostwiesen-Lauf-2017-_page1_image12.jpg\"><img loading=\"lazy\" decoding=\"async\" class=\"alignleft wp-image-3643 size-medium\" src=\"http:\/\/bsg-edeka.de\/wp-content\/uploads\/2015\/03\/2.Frostwiesen-Lauf-2017-_page1_image12-225x300.jpg\" width=\"225\" height=\"300\" srcset=\"https:\/\/www.bsg-edeka.de\/wp-content\/uploads\/2015\/03\/2.Frostwiesen-Lauf-2017-_page1_image12-225x300.jpg 225w, https:\/\/www.bsg-edeka.de\/wp-content\/uploads\/2015\/03\/2.Frostwiesen-Lauf-2017-_page1_image12.jpg 480w\" sizes=\"(max-width: 225px) 100vw, 225px\" \/><\/a><\/p>\n<\/div>\n<\/div>\n<\/div>\n<\/div>\n<div id=\"pg-2126-14\" class=\"panel-grid panel-no-style\" data-style=\"{&quot;background_display&quot;:&quot;tile&quot;}\">\n<div id=\"pgc-2126-14-0\" class=\"panel-grid-cell\" data-weight=\"0.5\">\n<div id=\"panel-2126-14-0-0\" class=\"so-panel widget widget_black-studio-tinymce widget_black_studio_tinymce panel-first-child panel-last-child\" data-style=\"{&quot;background_display&quot;:&quot;tile&quot;}\" data-index=\"27\">\n<div class=\"textwidget\">\n<hr \/>\n<p>&nbsp;<\/p>\n<p>&nbsp;<\/p>\n<p><span style=\"font-size: 14pt; color: #333399;\">Brocken Challenge 2017<\/span><\/p>\n<p><span style=\"color: #333399;\"><span style=\"font-size: 14pt;\">2BDG\u00b4ler <\/span><\/span><\/p>\n<p>&nbsp;<\/p>\n<p><span style=\"font-size: 12pt; color: #000080;\"><span style=\"color: #333399;\">80,30 KM<\/span><\/span><\/p>\n<p><span style=\"color: #333399;\">Oli und Stephan<\/span><\/p>\n<p><a href=\"http:\/\/bsg-edeka.de\/wp-content\/uploads\/2015\/03\/1.Brocken-Challenge-2017-1.jpg\" rel=\"attachment wp-att-3150\"><img loading=\"lazy\" decoding=\"async\" class=\"alignleft wp-image-3639 size-medium\" src=\"http:\/\/bsg-edeka.de\/wp-content\/uploads\/2015\/03\/1.Brocken-Challenge-2017-1-169x300.jpg\" width=\"169\" height=\"300\" srcset=\"https:\/\/www.bsg-edeka.de\/wp-content\/uploads\/2015\/03\/1.Brocken-Challenge-2017-1-169x300.jpg 169w, https:\/\/www.bsg-edeka.de\/wp-content\/uploads\/2015\/03\/1.Brocken-Challenge-2017-1.jpg 413w\" sizes=\"(max-width: 169px) 100vw, 169px\" \/><\/a><\/p>\n<p>&nbsp;<\/p>\n<p>&nbsp;<\/p>\n<p>&nbsp;<\/p>\n<p>&nbsp;<\/p>\n<p>&nbsp;<\/p>\n<p>&nbsp;<\/p>\n<\/div>\n<\/div>\n<\/div>\n<div id=\"pgc-2126-14-1\" class=\"panel-grid-cell\" data-weight=\"0.5\">\n<div id=\"panel-2126-14-1-0\" class=\"so-panel widget widget_black-studio-tinymce widget_black_studio_tinymce panel-first-child panel-last-child\" data-style=\"{&quot;background_display&quot;:&quot;tile&quot;}\" data-index=\"28\">\n<div class=\"textwidget\">\n<hr \/>\n<p><a href=\"http:\/\/bsg-edeka.de\/wp-content\/uploads\/2015\/03\/1.Brocken-Challenge-2017-3.jpg\"><img loading=\"lazy\" decoding=\"async\" class=\"alignleft size-medium wp-image-3638\" src=\"http:\/\/bsg-edeka.de\/wp-content\/uploads\/2015\/03\/1.Brocken-Challenge-2017-3-300x169.jpg\" alt=\"\" width=\"300\" height=\"169\" srcset=\"https:\/\/www.bsg-edeka.de\/wp-content\/uploads\/2015\/03\/1.Brocken-Challenge-2017-3-300x169.jpg 300w, https:\/\/www.bsg-edeka.de\/wp-content\/uploads\/2015\/03\/1.Brocken-Challenge-2017-3.jpg 527w\" sizes=\"(max-width: 300px) 100vw, 300px\" \/><\/a><\/p>\n<p>&nbsp;<\/p>\n<p>&nbsp;<\/p>\n<p>&nbsp;<\/p>\n<p><a href=\"http:\/\/bsg-edeka.de\/wp-content\/uploads\/2015\/03\/1.Brocken-Challenge-2017-2.jpg\"><img loading=\"lazy\" decoding=\"async\" class=\"alignleft size-medium wp-image-3640\" src=\"http:\/\/bsg-edeka.de\/wp-content\/uploads\/2015\/03\/1.Brocken-Challenge-2017-2-169x300.jpg\" alt=\"\" width=\"169\" height=\"300\" srcset=\"https:\/\/www.bsg-edeka.de\/wp-content\/uploads\/2015\/03\/1.Brocken-Challenge-2017-2-169x300.jpg 169w, https:\/\/www.bsg-edeka.de\/wp-content\/uploads\/2015\/03\/1.Brocken-Challenge-2017-2.jpg 304w\" sizes=\"(max-width: 169px) 100vw, 169px\" \/><\/a><\/p>\n<\/div>\n<\/div>\n<\/div>\n<\/div>\n<div id=\"pg-2126-15\" class=\"panel-grid panel-no-style\" data-style=\"{&quot;background_display&quot;:&quot;tile&quot;}\">\n<div id=\"pgc-2126-15-0\" class=\"panel-grid-cell\" data-weight=\"0.5\">\n<div id=\"panel-2126-15-0-0\" class=\"so-panel widget widget_black-studio-tinymce widget_black_studio_tinymce panel-first-child panel-last-child\" data-style=\"{&quot;background_display&quot;:&quot;tile&quot;}\" data-index=\"29\">\n<div class=\"textwidget\">\n<hr \/>\n<p>&nbsp;<\/p>\n<p>&nbsp;<\/p>\n<p><span style=\"font-size: 14pt; color: #333399;\">SCC-Berliner Sivesterlauf<\/span><\/p>\n<p><span style=\"font-size: 14pt; color: #333399;\">31. Dezember 2016<\/span><\/p>\n<p><span style=\"color: #333399;\"><span style=\"font-size: 14pt;\">5BDG\u00b4ler <\/span><\/span><\/p>\n<p>&nbsp;<\/p>\n<p><span style=\"font-size: 12pt; color: #000080;\"><span style=\"color: #333399;\">9,90 KM<\/span><\/span><\/p>\n<p><span style=\"color: #333399;\">Manfred,\u00a0Barbara, Dennis K, Robert\u00a0und Stephan<\/span><\/p>\n<p><a href=\"http:\/\/bsg-edeka.de\/wp-content\/uploads\/2015\/03\/26.-Silvesterlauf-2016-_page1_image8.jpg\" rel=\"attachment wp-att-3150\"><img loading=\"lazy\" decoding=\"async\" class=\"alignleft wp-image-3612 size-medium\" src=\"http:\/\/bsg-edeka.de\/wp-content\/uploads\/2015\/03\/26.-Silvesterlauf-2016-_page1_image8-300x225.jpg\" width=\"300\" height=\"225\" srcset=\"https:\/\/www.bsg-edeka.de\/wp-content\/uploads\/2015\/03\/26.-Silvesterlauf-2016-_page1_image8-300x225.jpg 300w, https:\/\/www.bsg-edeka.de\/wp-content\/uploads\/2015\/03\/26.-Silvesterlauf-2016-_page1_image8.jpg 640w\" sizes=\"(max-width: 300px) 100vw, 300px\" \/><\/a><\/p>\n<p>&nbsp;<\/p>\n<p>&nbsp;<\/p>\n<p>&nbsp;<\/p>\n<p>&nbsp;<\/p>\n<p><span style=\"color: #333399;\">\u00a0<a style=\"color: #333399;\" href=\"http:\/\/bsg-edeka.de\/wp-content\/uploads\/2015\/03\/26.-Silvesterlauf-2016-.pdf\">26. Silvesterlauf 2016<\/a><\/span><\/p>\n<p>&nbsp;<\/p>\n<\/div>\n<\/div>\n<\/div>\n<div id=\"pgc-2126-15-1\" class=\"panel-grid-cell\" data-weight=\"0.5\">\n<div id=\"panel-2126-15-1-0\" class=\"so-panel widget widget_black-studio-tinymce widget_black_studio_tinymce panel-first-child panel-last-child\" data-style=\"{&quot;background_display&quot;:&quot;tile&quot;}\" data-index=\"30\">\n<div class=\"textwidget\">\n<hr \/>\n<p><a href=\"http:\/\/bsg-edeka.de\/wp-content\/uploads\/2015\/03\/26.-Silvesterlauf-2016-_page1_image9.jpg\" rel=\"attachment wp-att-2981\"><img loading=\"lazy\" decoding=\"async\" class=\"alignleft wp-image-3614 size-medium\" src=\"http:\/\/bsg-edeka.de\/wp-content\/uploads\/2015\/03\/26.-Silvesterlauf-2016-_page1_image9-300x225.jpg\" width=\"300\" height=\"225\" srcset=\"https:\/\/www.bsg-edeka.de\/wp-content\/uploads\/2015\/03\/26.-Silvesterlauf-2016-_page1_image9-300x225.jpg 300w, https:\/\/www.bsg-edeka.de\/wp-content\/uploads\/2015\/03\/26.-Silvesterlauf-2016-_page1_image9.jpg 499w\" sizes=\"(max-width: 300px) 100vw, 300px\" \/><\/a><\/p>\n<p>&nbsp;<\/p>\n<p>&nbsp;<\/p>\n<p>&nbsp;<\/p>\n<p>&nbsp;<\/p>\n<p><a href=\"http:\/\/bsg-edeka.de\/wp-content\/uploads\/2015\/03\/26.-Silvesterlauf-2016-_page1_image10.png\"><img loading=\"lazy\" decoding=\"async\" class=\"alignleft wp-image-3615 size-medium\" src=\"http:\/\/bsg-edeka.de\/wp-content\/uploads\/2015\/03\/26.-Silvesterlauf-2016-_page1_image10-300x75.png\" width=\"300\" height=\"75\" srcset=\"https:\/\/www.bsg-edeka.de\/wp-content\/uploads\/2015\/03\/26.-Silvesterlauf-2016-_page1_image10-300x75.png 300w, https:\/\/www.bsg-edeka.de\/wp-content\/uploads\/2015\/03\/26.-Silvesterlauf-2016-_page1_image10-768x192.png 768w, https:\/\/www.bsg-edeka.de\/wp-content\/uploads\/2015\/03\/26.-Silvesterlauf-2016-_page1_image10-1024x256.png 1024w, https:\/\/www.bsg-edeka.de\/wp-content\/uploads\/2015\/03\/26.-Silvesterlauf-2016-_page1_image10.png 1388w\" sizes=\"(max-width: 300px) 100vw, 300px\" \/><\/a><\/p>\n<p>&nbsp;<\/p>\n<\/div>\n<\/div>\n<\/div>\n<\/div>\n<div id=\"pg-2126-16\" class=\"panel-grid panel-no-style\" data-style=\"{&quot;background_display&quot;:&quot;tile&quot;}\">\n<div id=\"pgc-2126-16-0\" class=\"panel-grid-cell\" data-weight=\"0.5\">\n<div id=\"panel-2126-16-0-0\" class=\"so-panel widget widget_black-studio-tinymce widget_black_studio_tinymce panel-first-child panel-last-child\" data-style=\"{&quot;background_display&quot;:&quot;tile&quot;}\" data-index=\"31\">\n<div class=\"textwidget\">\n<hr \/>\n<\/div>\n<\/div>\n<\/div>\n<div id=\"pgc-2126-16-1\" class=\"panel-grid-cell\" data-weight=\"0.5\">\n<div id=\"panel-2126-16-1-0\" class=\"so-panel widget widget_black-studio-tinymce widget_black_studio_tinymce panel-first-child panel-last-child\" data-style=\"{&quot;background_display&quot;:&quot;tile&quot;}\" data-index=\"32\">\n<div class=\"textwidget\">\n<p><a href=\"http:\/\/bsg-edeka.de\/wp-content\/uploads\/2015\/03\/25.-Lauf-um-die-Tropen-2016-_page1_image10.jpg\" rel=\"attachment wp-att-2981\"><img loading=\"lazy\" decoding=\"async\" class=\"alignleft wp-image-3600 size-medium\" src=\"http:\/\/bsg-edeka.de\/wp-content\/uploads\/2015\/03\/25.-Lauf-um-die-Tropen-2016-_page1_image10-225x300.jpg\" width=\"225\" height=\"300\" srcset=\"https:\/\/www.bsg-edeka.de\/wp-content\/uploads\/2015\/03\/25.-Lauf-um-die-Tropen-2016-_page1_image10-225x300.jpg 225w, https:\/\/www.bsg-edeka.de\/wp-content\/uploads\/2015\/03\/25.-Lauf-um-die-Tropen-2016-_page1_image10.jpg 480w\" sizes=\"(max-width: 225px) 100vw, 225px\" \/><\/a><a href=\"http:\/\/bsg-edeka.de\/wp-content\/uploads\/2015\/03\/25.-Lauf-um-die-Tropen-2016-_page1_image11.jpg\"><img loading=\"lazy\" decoding=\"async\" class=\"alignleft wp-image-3601 size-medium\" src=\"http:\/\/bsg-edeka.de\/wp-content\/uploads\/2015\/03\/25.-Lauf-um-die-Tropen-2016-_page1_image11-225x300.jpg\" width=\"225\" height=\"300\" srcset=\"https:\/\/www.bsg-edeka.de\/wp-content\/uploads\/2015\/03\/25.-Lauf-um-die-Tropen-2016-_page1_image11-225x300.jpg 225w, https:\/\/www.bsg-edeka.de\/wp-content\/uploads\/2015\/03\/25.-Lauf-um-die-Tropen-2016-_page1_image11.jpg 480w\" sizes=\"(max-width: 225px) 100vw, 225px\" \/><\/a><\/p>\n<p>&nbsp;<\/p>\n<p>&nbsp;<\/p>\n<p>&nbsp;<\/p>\n<p>&nbsp;<\/p>\n<p>&nbsp;<\/p>\n<p>&nbsp;<\/p>\n<\/div>\n<\/div>\n<\/div>\n<\/div>\n<div id=\"pg-2126-17\" class=\"panel-grid panel-no-style\">\n<div id=\"pgc-2126-17-0\" class=\"panel-grid-cell\" data-weight=\"1\">\n<div id=\"panel-2126-17-0-0\" class=\"so-panel widget widget_black-studio-tinymce widget_black_studio_tinymce panel-first-child panel-last-child\" data-style=\"{&quot;background_display&quot;:&quot;tile&quot;}\" data-index=\"33\">\n<div class=\"textwidget\">\n<hr \/>\n<p><span style=\"color: #333399; font-size: 14pt;\"><a style=\"color: #333399;\" href=\" http:\/\/bsg-edeka.de\/brichte-archiv\/\">Link zu Brichte-Archiv<\/a><\/span><\/p>\n<hr \/>\n<p>&nbsp;<\/p>\n<\/div>\n<\/div>\n<\/div>\n<\/div>\n<\/div>\n<p>[\/et_pb_text][\/et_pb_column][\/et_pb_row][\/et_pb_section]<\/p>\n","protected":false},"excerpt":{"rendered":"<div class=\"et_pb_with_border et_pb_row et_pb_row_0 et_pb_row_empty\"><\/div>\n<div class=\"et_pb_with_border et_pb_row et_pb_row_1 et_pb_row_empty\"><\/div>\n<div class=\"et_pb_with_border et_pb_row et_pb_row_2 et_pb_row_empty\"><\/div>\n<p> Auf einen Blick: \u00dcbungszeiten: Keine festen gemeinsamen Trainingszeiten, in der Saison regelm\u00e4\u00dfige Teilnahme an verschiedenen Volksl\u00e4ufen. Laufen kann jeder, aber man muss Spa\u00df daran haben! Einzelleistungen stehen bei uns nicht im Vordergrund bei uns z\u00e4hlt das Team. 7.Potsdam Schlo\u0308sserlauf 2017 &nbsp; &nbsp; &nbsp; &nbsp; &nbsp; Laser-Run Meisterschaft\u00a02017 5BDG\u00b4ler &nbsp; 5 x 400 KM Stefan,Gordon,Robert [&hellip;]<\/p>\n","protected":false},"author":5,"featured_media":0,"parent":50,"menu_order":1,"comment_status":"closed","ping_status":"closed","template":"","meta":{"_et_pb_use_builder":"on","_et_pb_old_content":"<div id=\"pl-2126\" class=\"panel-layout\"><div id=\"pg-2126-0\" class=\"panel-grid panel-no-style\" data-style=\"{\"background_display\":\"tile\"}\"><div id=\"pgc-2126-0-0\" class=\"panel-grid-cell\" data-weight=\"1\"><div id=\"panel-2126-0-0-0\" class=\"so-panel widget widget_black-studio-tinymce widget_black_studio_tinymce panel-first-child panel-last-child\" data-style=\"{\"background_display\":\"tile\"}\" data-index=\"0\"><div class=\"textwidget\">\u00a0<\/div><\/div><\/div><\/div><div id=\"pg-2126-1\" class=\"panel-grid panel-no-style\"><div id=\"pgc-2126-1-0\" class=\"panel-grid-cell\" data-weight=\"0.33333333333333\"><div id=\"panel-2126-1-0-0\" class=\"so-panel widget widget_black-studio-tinymce widget_black_studio_tinymce panel-first-child panel-last-child\" data-style=\"{\"background_display\":\"tile\"}\" data-index=\"1\"><div class=\"textwidget\"><p style=\"text-align: center;\"><a href=\"http:\/\/bsg-edeka.de\/wp-content\/uploads\/2014\/06\/Laufen.jpg\"><img class=\"alignleft size-medium wp-image-837\" src=\"http:\/\/bsg-edeka.de\/wp-content\/uploads\/2014\/06\/Laufen-300x225.jpg\" alt=\"Laufen\" width=\"300\" height=\"225\" \/><\/a><span style=\"color: #333399; font-size: 18pt; font-family: arial,helvetica,sans-serif;\">Auf einen Blick:<a href=\"http:\/\/bsg-edeka.de\/wp-content\/uploads\/2014\/07\/laufen-fb.jpg\"><img class=\"size-medium wp-image-331 alignright\" src=\"http:\/\/bsg-edeka.de\/wp-content\/uploads\/2014\/07\/laufen-fb-300x285.jpg\" alt=\"laufen fb\" width=\"300\" height=\"285\" \/><\/a><\/span><\/p><p style=\"text-align: center;\"><span style=\"font-size: 10pt; color: #333399; font-family: arial,helvetica,sans-serif;\">\u00a0\u00dcbungszeiten, <\/span><br \/> <span style=\"font-size: 10pt; color: #333399; font-family: arial,helvetica,sans-serif;\">Keine festen gemeinsamen Trainingszeiten,<\/span><\/p><p style=\"text-align: center;\"><span style=\"font-size: 10pt; color: #333399; font-family: arial,helvetica,sans-serif;\">in der Saison regelm\u00e4\u00dfige Teilnahme an verschiedenen Volksl\u00e4ufen<\/span><\/p><\/div><\/div><\/div><div id=\"pgc-2126-1-2\" class=\"panel-grid-cell\" data-weight=\"0.33333333333333\">\u00a0<\/div><\/div><\/div><p>\u00a0<\/p><p>\u00a0<\/p><p>\u00a0<\/p><p>\u00a0<\/p><p>\u00a0<\/p><div id=\"pl-2126\" class=\"panel-layout\"><div id=\"pg-2126-2\" class=\"panel-grid panel-no-style\"><div id=\"pgc-2126-2-0\" class=\"panel-grid-cell\" data-weight=\"1\"><div id=\"panel-2126-2-0-0\" class=\"so-panel widget widget_black-studio-tinymce widget_black_studio_tinymce panel-first-child panel-last-child\" data-style=\"{\"background_display\":\"tile\"}\" data-index=\"4\"><div class=\"textwidget\"><hr \/><p>\u00a0<\/p><\/div><\/div><\/div><\/div><\/div><div id=\"pl-2126\" class=\"panel-layout\"><div id=\"pg-2126-2\" class=\"panel-grid panel-no-style\"><div id=\"pgc-2126-2-0\" class=\"panel-grid-cell\" data-weight=\"1\"><div id=\"panel-2126-2-0-0\" class=\"so-panel widget widget_black-studio-tinymce widget_black_studio_tinymce panel-first-child panel-last-child\" data-style=\"{\"background_display\":\"tile\"}\" data-index=\"4\"><div class=\"textwidget\"><p><span style=\"color: #333399; font-size: 14pt; font-family: arial,helvetica,sans-serif;\">Laufen in der BSG EDEKA<\/span><\/p><p><span style=\"font-family: arial,helvetica,sans-serif; font-size: 10pt; color: #333399;\">Laufen kann jeder, aber man muss Spa\u00df daran haben! Einzelleistungen stehen bei uns nicht im Vordergrund bei uns z\u00e4hlt das Team.<\/span><\/p><p>\u00a0<\/p><hr \/><p>\u00a0<\/p><p>\u00a0<\/p><p><span style=\"font-size: 14pt;\">\u00a0<\/span><span style=\"color: #333399; font-size: 14pt; font-family: arial,helvetica,sans-serif;\">Ergebnisse<\/span><\/p><p>\u00a0<\/p><p><span style=\"color: #333399;\"><a style=\"color: #333399;\" href=\"http:\/\/bsg-edeka.de\/wp-content\/uploads\/2015\/03\/Ergebnisse-2016.pdf\">Ergebnisse 2016<\/a><\/span><\/p><p>\u00a0<\/p><p><span style=\"color: #333399;\"><a style=\"color: #333399;\" href=\"http:\/\/bsg-edeka.de\/wp-content\/uploads\/2015\/03\/Ru\u0308ckblicke-2016-.pdf\">Ru\u0308ckblicke 2016<\/a><\/span><\/p><\/div><\/div><\/div><\/div><div id=\"pg-2126-3\" class=\"panel-grid panel-no-style\" data-style=\"{\"background_display\":\"tile\"}\"><div id=\"pgc-2126-3-0\" class=\"panel-grid-cell\" data-weight=\"0.5\"><div id=\"panel-2126-3-0-0\" class=\"so-panel widget widget_black-studio-tinymce widget_black_studio_tinymce panel-first-child panel-last-child\" data-style=\"{\"background_display\":\"tile\"}\" data-index=\"5\"><div class=\"textwidget\"><hr \/><\/div><\/div><\/div><\/div><\/div><p>\u00a0<\/p><p><span style=\"color: #333399; font-size: 16px;\">BMW Berlin Marathon<\/span><\/p><p><span style=\"color: #333399; font-size: 16px;\">12BSG`ler:- Dennis H. Manfred. Stephan. Oliver. Jens. Tobis. Dennis K. Maret. Marcel. Barbara. Daniel U. Matthias.<\/span><\/p><p><span style=\"color: #333399; font-size: 16px;\">42,19 KM<\/span><\/p><p><a href=\"http:\/\/www.bsg-edeka.de\/wp-content\/uploads\/2015\/03\/18.BMW-Berlin-Marathon-2017_page4_image7.jpg\"><img class=\"alignleft size-medium wp-image-4251\" src=\"http:\/\/www.bsg-edeka.de\/wp-content\/uploads\/2015\/03\/18.BMW-Berlin-Marathon-2017_page4_image7-300x225.jpg\" alt=\"\" width=\"300\" height=\"225\" \/><\/a> <a href=\"http:\/\/www.bsg-edeka.de\/wp-content\/uploads\/2015\/03\/18.BMW-Berlin-Marathon-2017_page4_image9.jpg\"><img class=\"alignleft size-medium wp-image-4252\" src=\"http:\/\/www.bsg-edeka.de\/wp-content\/uploads\/2015\/03\/18.BMW-Berlin-Marathon-2017_page4_image9-300x225.jpg\" alt=\"\" width=\"300\" height=\"225\" \/><\/a> <a href=\"http:\/\/www.bsg-edeka.de\/wp-content\/uploads\/2015\/03\/18.BMW-Berlin-Marathon-2017_page4_image11.jpg\"><img class=\"alignleft size-medium wp-image-4253\" src=\"http:\/\/www.bsg-edeka.de\/wp-content\/uploads\/2015\/03\/18.BMW-Berlin-Marathon-2017_page4_image11-300x225.jpg\" alt=\"\" width=\"300\" height=\"225\" \/><\/a> <a href=\"http:\/\/www.bsg-edeka.de\/wp-content\/uploads\/2015\/03\/18.BMW-Berlin-Marathon-2017_page4_image16.jpg\"><img class=\"alignleft size-medium wp-image-4254\" src=\"http:\/\/www.bsg-edeka.de\/wp-content\/uploads\/2015\/03\/18.BMW-Berlin-Marathon-2017_page4_image16-300x225.jpg\" alt=\"\" width=\"300\" height=\"225\" \/><br \/> <\/a><\/p><p>\u00a0<\/p><p>\u00a0<\/p><p>\u00a0<\/p><p>\u00a0<\/p><p>\u00a0<\/p><p>\u00a0<\/p><p>\u00a0<\/p><p>\u00a0<\/p><p>\u00a0<\/p><p>\u00a0<\/p><hr \/><p>\u00a0<\/p><p><span style=\"color: #333399; font-size: 16px;\">Trail Run Berlin \"M\u00fcggelturm\"<\/span><\/p><p><span style=\"color: #333399; font-size: 16px;\">2BSG\u00b4ler<\/span><\/p><p><span style=\"color: #333399; font-size: 16px;\">10 + 17 KM<\/span><\/p><p>\u00a0<\/p><p><a href=\"http:\/\/www.bsg-edeka.de\/wp-content\/uploads\/2015\/03\/17.TrailRun-Berlin-2017_page2_image8.jpg\"><img class=\"alignleft size-medium wp-image-4244\" src=\"http:\/\/www.bsg-edeka.de\/wp-content\/uploads\/2015\/03\/17.TrailRun-Berlin-2017_page2_image8-225x300.jpg\" alt=\"\" width=\"225\" height=\"300\" \/><\/a> <a href=\"http:\/\/www.bsg-edeka.de\/wp-content\/uploads\/2015\/03\/17.TrailRun-Berlin-2017_page2_image9.jpg\"><img class=\"alignleft size-medium wp-image-4245\" src=\"http:\/\/www.bsg-edeka.de\/wp-content\/uploads\/2015\/03\/17.TrailRun-Berlin-2017_page2_image9-225x300.jpg\" alt=\"\" width=\"225\" height=\"300\" \/><\/a> <a href=\"http:\/\/www.bsg-edeka.de\/wp-content\/uploads\/2015\/03\/17.TrailRun-Berlin-2017_page2_image12.jpg\"><img class=\"alignleft size-medium wp-image-4246\" src=\"http:\/\/www.bsg-edeka.de\/wp-content\/uploads\/2015\/03\/17.TrailRun-Berlin-2017_page2_image12-300x225.jpg\" alt=\"\" width=\"300\" height=\"225\" \/><\/a> <a href=\"http:\/\/www.bsg-edeka.de\/wp-content\/uploads\/2015\/03\/17.TrailRun-Berlin-2017_page2_image17.jpg\"><img class=\"alignleft size-medium wp-image-4247\" src=\"http:\/\/www.bsg-edeka.de\/wp-content\/uploads\/2015\/03\/17.TrailRun-Berlin-2017_page2_image17-225x300.jpg\" alt=\"\" width=\"225\" height=\"300\" \/><\/a> <a href=\"http:\/\/www.bsg-edeka.de\/wp-content\/uploads\/2015\/03\/17.TrailRun-Berlin-2017_page2_image18.jpg\"><img class=\"alignleft size-medium wp-image-4248\" src=\"http:\/\/www.bsg-edeka.de\/wp-content\/uploads\/2015\/03\/17.TrailRun-Berlin-2017_page2_image18-225x300.jpg\" alt=\"\" width=\"225\" height=\"300\" \/><\/a> <a href=\"http:\/\/www.bsg-edeka.de\/wp-content\/uploads\/2015\/03\/17.TrailRun-Berlin-2017_page2_image21.jpg\"><img class=\"alignleft size-medium wp-image-4249\" src=\"http:\/\/www.bsg-edeka.de\/wp-content\/uploads\/2015\/03\/17.TrailRun-Berlin-2017_page2_image21-225x300.jpg\" alt=\"\" width=\"225\" height=\"300\" \/><\/a><\/p><p>\u00a0<\/p><p>\u00a0<\/p><p>\u00a0<\/p><p>\u00a0<\/p><p>\u00a0<\/p><p>\u00a0<\/p><p>\u00a0<\/p><p>\u00a0<\/p><p>\u00a0<\/p><p>\u00a0<\/p><p>\u00a0<\/p><p>\u00a0<\/p><p>\u00a0<\/p><p>\u00a0<\/p><p>\u00a0<\/p><hr \/><p>\u00a0<\/p><p><span style=\"color: #333399; font-size: 16px;\">Laser-Run Deutschland Finale<\/span><\/p><p><span style=\"color: #333399; font-size: 16px;\">5BSG`ler<\/span><\/p><p><span style=\"color: #333399; font-size: 16px;\">5x5 KM<\/span><\/p><p>\u00a0<\/p><p><a href=\"http:\/\/www.bsg-edeka.de\/wp-content\/uploads\/2015\/03\/15.Laser-Run-Deutschlandfinale-2017-_page2_image7.jpg\"><img class=\"alignleft size-medium wp-image-4239\" src=\"http:\/\/www.bsg-edeka.de\/wp-content\/uploads\/2015\/03\/15.Laser-Run-Deutschlandfinale-2017-_page2_image7-300x200.jpg\" alt=\"\" width=\"300\" height=\"200\" \/><\/a> <a href=\"http:\/\/www.bsg-edeka.de\/wp-content\/uploads\/2015\/03\/15.Laser-Run-Deutschlandfinale-2017-_page2_image16.jpg\"><img class=\"alignleft size-medium wp-image-4240\" src=\"http:\/\/www.bsg-edeka.de\/wp-content\/uploads\/2015\/03\/15.Laser-Run-Deutschlandfinale-2017-_page2_image16-300x199.jpg\" alt=\"\" width=\"300\" height=\"199\" \/><\/a> <a href=\"http:\/\/www.bsg-edeka.de\/wp-content\/uploads\/2015\/03\/15.Laser-Run-Deutschlandfinale-2017-_page2_image18.jpg\"><img class=\"alignleft size-medium wp-image-4241\" src=\"http:\/\/www.bsg-edeka.de\/wp-content\/uploads\/2015\/03\/15.Laser-Run-Deutschlandfinale-2017-_page2_image18-300x199.jpg\" alt=\"\" width=\"300\" height=\"199\" \/><\/a> <a href=\"http:\/\/www.bsg-edeka.de\/wp-content\/uploads\/2015\/03\/15.Laser-Run-Deutschlandfinale-2017-_page2_image19.png\"><img class=\"alignleft size-medium wp-image-4242\" src=\"http:\/\/www.bsg-edeka.de\/wp-content\/uploads\/2015\/03\/15.Laser-Run-Deutschlandfinale-2017-_page2_image19-226x300.png\" alt=\"\" width=\"226\" height=\"300\" \/><\/a><\/p><p>\u00a0<\/p><p>\u00a0<\/p><p>\u00a0<\/p><p>\u00a0<\/p><p>\u00a0<\/p><p>\u00a0<\/p><p>\u00a0<\/p><p>\u00a0<\/p><p>\u00a0<\/p><p>\u00a0<\/p><p>\u00a0<\/p><p>\u00a0<\/p><p>\u00a0<\/p><p>\u00a0<\/p><hr \/><p>\u00a0<\/p><p><span style=\"color: #333399; font-size: 16px;\">Volvo \"Tierpark\" Lauf<\/span><\/p><p><span style=\"color: #333399; font-size: 16px;\">5BSG\u00b4ler<\/span><\/p><p><span style=\"color: #333399; font-size: 16px;\">10,00KM<\/span><\/p><p>\u00a0<\/p><p><a href=\"http:\/\/www.bsg-edeka.de\/wp-content\/uploads\/2015\/03\/14.Volvo-Tierpark-Lauf-2017-_page1_image9.jpg\"><img class=\"alignleft size-medium wp-image-4235\" src=\"http:\/\/www.bsg-edeka.de\/wp-content\/uploads\/2015\/03\/14.Volvo-Tierpark-Lauf-2017-_page1_image9-300x169.jpg\" alt=\"\" width=\"300\" height=\"169\" \/><\/a> <a href=\"http:\/\/www.bsg-edeka.de\/wp-content\/uploads\/2015\/03\/14.Volvo-Tierpark-Lauf-2017-_page1_image10.png\"><img class=\"alignleft size-medium wp-image-4236\" src=\"http:\/\/www.bsg-edeka.de\/wp-content\/uploads\/2015\/03\/14.Volvo-Tierpark-Lauf-2017-_page1_image10-251x300.png\" alt=\"\" width=\"251\" height=\"300\" \/><\/a> <a href=\"http:\/\/www.bsg-edeka.de\/wp-content\/uploads\/2015\/03\/14.Volvo-Tierpark-Lauf-2017-_page1_image11.jpg\"><img class=\"alignleft size-medium wp-image-4237\" src=\"http:\/\/www.bsg-edeka.de\/wp-content\/uploads\/2015\/03\/14.Volvo-Tierpark-Lauf-2017-_page1_image11-300x176.jpg\" alt=\"\" width=\"300\" height=\"176\" \/><\/a><\/p><p>\u00a0<\/p><p>\u00a0<\/p><p>\u00a0<\/p><p>\u00a0<\/p><p>\u00a0<\/p><p>\u00a0<\/p><p>\u00a0<\/p><p>\u00a0<\/p><p>\u00a0<\/p><p>\u00a0<\/p><hr \/><p>\u00a0<\/p><p><span style=\"color: #333399; font-size: 16px;\">Mercedes Benz Halbmarathon 2017<\/span><\/p><p><span style=\"color: #333399; font-size: 16px;\">7BSG\u00b4ler<\/span><\/p><p><span style=\"color: #333399; font-size: 16px;\">21,00KM<\/span><\/p><p>\u00a0<\/p><p><a href=\"http:\/\/www.bsg-edeka.de\/wp-content\/uploads\/2015\/03\/13.Mercedes-Benz-2017-_page1_image9.jpg\"><img class=\"alignleft size-full wp-image-4232\" src=\"http:\/\/www.bsg-edeka.de\/wp-content\/uploads\/2015\/03\/13.Mercedes-Benz-2017-_page1_image9.jpg\" alt=\"\" width=\"200\" height=\"133\" \/><\/a><a href=\"http:\/\/www.bsg-edeka.de\/wp-content\/uploads\/2015\/03\/13.Mercedes-Benz-2017-_page1_image7.jpg\"><img class=\"alignleft size-full wp-image-4233\" src=\"http:\/\/www.bsg-edeka.de\/wp-content\/uploads\/2015\/03\/13.Mercedes-Benz-2017-_page1_image7.jpg\" alt=\"\" width=\"200\" height=\"133\" \/><\/a><\/p><p>\u00a0<\/p><p>\u00a0<\/p><p>\u00a0<\/p><p>\u00a0<\/p><p>\u00a0<\/p><p>\u00a0<\/p><hr \/><div id=\"pl-2126\" class=\"panel-layout\"><div id=\"pg-2126-3\" class=\"panel-grid panel-no-style\" data-style=\"{\"background_display\":\"tile\"}\"><div id=\"pgc-2126-3-0\" class=\"panel-grid-cell\" data-weight=\"0.5\"><div id=\"panel-2126-3-0-0\" class=\"so-panel widget widget_black-studio-tinymce widget_black_studio_tinymce panel-first-child panel-last-child\" data-style=\"{\"background_display\":\"tile\"}\" data-index=\"5\"><div class=\"textwidget\"><p>\u00a0<\/p><p><span style=\"font-size: 14pt; color: #333399;\">Berlin Wall Race 100 Miles<\/span><\/p><p><span style=\"color: #333399;\"><span style=\"font-size: 14pt;\">10BDG\u00b4ler <\/span><\/span><\/p><p>\u00a0<\/p><p><span style=\"font-size: 12pt; color: #000080;\"><span style=\"color: #333399;\">161.700KM<\/span><\/span><\/p><p><span style=\"color: #333399;\">\u00a0<\/span><\/p><p>\u00a0<\/p><p><a href=\"http:\/\/bsg-edeka.de\/wp-content\/uploads\/2015\/03\/12-Mauerwegslauf-2017-2_page3_image9.jpg\"><img class=\"alignleft wp-image-3837 size-medium\" src=\"http:\/\/bsg-edeka.de\/wp-content\/uploads\/2015\/03\/12-Mauerwegslauf-2017-2_page3_image9-300x169.jpg\" alt=\"\" width=\"300\" height=\"169\" \/><br \/> <\/a><\/p><p>\u00a0<\/p><p><a href=\"http:\/\/bsg-edeka.de\/wp-content\/uploads\/2015\/03\/12-Mauerwegslauf-2017-2_page3_image20.jpg\"><img class=\"alignleft wp-image-3840 size-medium\" src=\"http:\/\/bsg-edeka.de\/wp-content\/uploads\/2015\/03\/12-Mauerwegslauf-2017-2_page3_image20-225x300.jpg\" alt=\"\" width=\"225\" height=\"300\" \/><\/a><\/p><p>\u00a0<\/p><p>\u00a0<\/p><p><a href=\"http:\/\/bsg-edeka.de\/wp-content\/uploads\/2015\/03\/12-Mauerwegslauf-2017-2_page3_image22.jpg\"><img class=\"alignleft size-medium wp-image-3839\" src=\"http:\/\/bsg-edeka.de\/wp-content\/uploads\/2015\/03\/12-Mauerwegslauf-2017-2_page3_image22-300x225.jpg\" alt=\"\" width=\"300\" height=\"225\" \/><\/a><\/p><p>\u00a0<\/p><p>\u00a0<\/p><p>\u00a0<\/p><p>\u00a0<\/p><p><a href=\"http:\/\/bsg-edeka.de\/wp-content\/uploads\/2015\/03\/12-Mauerwegslauf-2017-2_page3_image11.jpg\"><img class=\"alignleft wp-image-3841 size-medium\" src=\"http:\/\/bsg-edeka.de\/wp-content\/uploads\/2015\/03\/12-Mauerwegslauf-2017-2_page3_image11-225x300.jpg\" alt=\"\" width=\"225\" height=\"300\" \/><\/a><a href=\"http:\/\/bsg-edeka.de\/wp-content\/uploads\/2015\/03\/12-Mauerwegslauf-2017-2_page3_image18.jpg\"><img class=\"alignleft wp-image-3842 size-medium\" src=\"http:\/\/bsg-edeka.de\/wp-content\/uploads\/2015\/03\/12-Mauerwegslauf-2017-2_page3_image18-169x300.jpg\" alt=\"\" width=\"169\" height=\"300\" \/><\/a><\/p><p>\u00a0<\/p><\/div><\/div><\/div><\/div><\/div><p>\u00a0<\/p><p>\u00a0<\/p><p>\u00a0<\/p><p>\u00a0<\/p><p>\u00a0<\/p><p>\u00a0<\/p><div id=\"pl-2126\" class=\"panel-layout\"><div id=\"pg-2126-3\" class=\"panel-grid panel-no-style\" data-style=\"{\"background_display\":\"tile\"}\"><div id=\"pgc-2126-3-0\" class=\"panel-grid-cell\" data-weight=\"0.5\"><div id=\"panel-2126-3-0-0\" class=\"so-panel widget widget_black-studio-tinymce widget_black_studio_tinymce panel-first-child panel-last-child\" data-style=\"{\"background_display\":\"tile\"}\" data-index=\"5\"><div class=\"textwidget\"><p><span style=\"color: #333399;\"><a href=\"http:\/\/bsg-edeka.de\/wp-content\/uploads\/2015\/03\/12.Mauerwegslauf-2017-.pdf\"><span style=\"color: #333399;\">12.Mauerwegslauf 2017<\/span><\/a><\/span><\/p><\/div><\/div><\/div><\/div><\/div><p>\u00a0<\/p><div id=\"pl-2126\" class=\"panel-layout\"><div id=\"pg-2126-3\" class=\"panel-grid panel-no-style\" data-style=\"{\"background_display\":\"tile\"}\"><div id=\"pgc-2126-3-1\" class=\"panel-grid-cell\" data-weight=\"0.5\"><div id=\"panel-2126-3-1-0\" class=\"so-panel widget widget_black-studio-tinymce widget_black_studio_tinymce panel-first-child panel-last-child\" data-style=\"{\"background_image_attachment\":false,\"background_display\":\"tile\"}\" data-index=\"6\"><div class=\"textwidget\"><hr \/><p>\u00a0<\/p><\/div><\/div><\/div><\/div><\/div><p>\u00a0<\/p><p>\u00a0<\/p><div id=\"pl-2126\" class=\"panel-layout\"><div id=\"pg-2126-6\" class=\"panel-grid panel-no-style\" data-style=\"{\"background_display\":\"tile\"}\"><div id=\"pgc-2126-6-0\" class=\"panel-grid-cell\" data-weight=\"0.5\"><div id=\"panel-2126-6-0-0\" class=\"so-panel widget widget_black-studio-tinymce widget_black_studio_tinymce panel-first-child panel-last-child\" data-style=\"{\"background_display\":\"tile\"}\" data-index=\"11\"><div class=\"textwidget\"><hr \/><p>\u00a0<\/p><p><span style=\"font-size: 14pt; color: #333399;\">12 Lichtenauer Wasserlaufstaffel\u00a02017<\/span><\/p><p><span style=\"color: #333399;\"><span style=\"font-size: 14pt;\">5BDG\u00b4ler <\/span><\/span><\/p><p>\u00a0<\/p><p><span style=\"font-size: 12pt; color: #000080;\"><span style=\"color: #333399;\">10.00KM<\/span><\/span><\/p><p><span style=\"color: #333399;\">\u00a0<\/span><\/p><p>\u00a0<\/p><p><a href=\"http:\/\/bsg-edeka.de\/wp-content\/uploads\/2015\/03\/9.Wasserlauf-2017-_page1_image9.jpg\"><img class=\"alignleft wp-image-3739 size-medium\" src=\"http:\/\/bsg-edeka.de\/wp-content\/uploads\/2015\/03\/9.Wasserlauf-2017-_page1_image9-300x225.jpg\" alt=\"\" width=\"300\" height=\"225\" \/><br \/> <\/a><\/p><p>\u00a0<\/p><p>\u00a0<\/p><p>\u00a0<\/p><p>\u00a0<\/p><p>\u00a0<\/p><p>\u00a0<\/p><p>\u00a0<\/p><p>\u00a0<\/p><p>\u00a0<\/p><p>\u00a0<\/p><p>\u00a0<\/p><p>\u00a0<\/p><p><a href=\"http:\/\/bsg-edeka.de\/wp-content\/uploads\/2015\/03\/8.Wasserbetriebestaffel-2017-.pdf\">8.Wasserbetriebestaffel 2017<\/a><\/p><p>\u00a0<\/p><p><span style=\"color: #333399;\">\u00a0<\/span><\/p><p>\u00a0<\/p><\/div><\/div><\/div><div id=\"pgc-2126-6-1\" class=\"panel-grid-cell\" data-weight=\"0.5\"><div id=\"panel-2126-6-1-0\" class=\"so-panel widget widget_black-studio-tinymce widget_black_studio_tinymce panel-first-child panel-last-child\" data-style=\"{\"background_display\":\"tile\"}\" data-index=\"12\"><div class=\"textwidget\"><hr \/><p>\u00a0<\/p><p>\u00a0<\/p><p><a href=\"http:\/\/bsg-edeka.de\/wp-content\/uploads\/2015\/03\/9.Wasserlauf-2017-_page1_image7.jpg\"><img class=\"alignleft wp-image-3741 size-medium\" src=\"http:\/\/bsg-edeka.de\/wp-content\/uploads\/2015\/03\/9.Wasserlauf-2017-_page1_image7-300x225.jpg\" alt=\"\" width=\"300\" height=\"225\" \/><\/a><\/p><p>\u00a0<\/p><p>\u00a0<\/p><p>\u00a0<\/p><p>\u00a0<\/p><p>\u00a0<\/p><p>\u00a0<\/p><p>\u00a0<\/p><p><a href=\"http:\/\/bsg-edeka.de\/wp-content\/uploads\/2015\/03\/9.Wasserlauf-2017-_page1_image10.jpg\"><img class=\"alignleft wp-image-3742 size-medium\" src=\"http:\/\/bsg-edeka.de\/wp-content\/uploads\/2015\/03\/9.Wasserlauf-2017-_page1_image10-225x300.jpg\" alt=\"\" width=\"225\" height=\"300\" \/><\/a><\/p><p>\u00a0<\/p><p>\u00a0<\/p><p>\u00a0<\/p><p>\u00a0<\/p><p>\u00a0<\/p><p>\u00a0<\/p><p>\u00a0<\/p><p>\u00a0<\/p><p><a href=\"http:\/\/bsg-edeka.de\/wp-content\/uploads\/2015\/03\/9.Wasserlauf-2017-_page1_image11.jpg\"><img class=\"alignleft wp-image-3743 size-medium\" src=\"http:\/\/bsg-edeka.de\/wp-content\/uploads\/2015\/03\/9.Wasserlauf-2017-_page1_image11-225x300.jpg\" alt=\"\" width=\"225\" height=\"300\" \/><br \/> <\/a><\/p><p>\u00a0<\/p><p>\u00a0<\/p><p>\u00a0<\/p><p>\u00a0<\/p><p>\u00a0<\/p><p>\u00a0<\/p><p>\u00a0<\/p><\/div><\/div><\/div><\/div><div id=\"pg-2126-7\" class=\"panel-grid panel-no-style\" data-style=\"{\"background_display\":\"tile\"}\"><div id=\"pgc-2126-7-0\" class=\"panel-grid-cell\" data-weight=\"0.5\"><div id=\"panel-2126-7-0-0\" class=\"so-panel widget widget_black-studio-tinymce widget_black_studio_tinymce panel-first-child panel-last-child\" data-style=\"{\"background_display\":\"tile\"}\" data-index=\"13\"><div class=\"textwidget\"><hr \/><p>\u00a0<\/p><p>\u00a0<\/p><p><span style=\"font-size: 14pt; color: #333399;\">Berliner Wasserbetriebe 5 x 5\u00a0km\u00a02017<\/span><\/p><p><span style=\"color: #333399;\"><span style=\"font-size: 14pt;\">15BDG\u00b4ler <\/span><\/span><\/p><p>\u00a0<\/p><p><span style=\"font-size: 12pt; color: #000080;\"><span style=\"color: #333399;\">5 x 500KM<\/span><\/span><\/p><p><span style=\"color: #333399;\">\u00a0<\/span><\/p><p>\u00a0<\/p><p><a href=\"http:\/\/bsg-edeka.de\/wp-content\/uploads\/2015\/03\/8.Wasserbetriebestaffel-2017-_page1_image7.jpg\"><img class=\"alignleft wp-image-3732 size-medium\" src=\"http:\/\/bsg-edeka.de\/wp-content\/uploads\/2015\/03\/8.Wasserbetriebestaffel-2017-_page1_image7-300x225.jpg\" alt=\"\" width=\"300\" height=\"225\" \/><br \/> <\/a><\/p><p>\u00a0<\/p><p>\u00a0<\/p><p>\u00a0<\/p><p>\u00a0<\/p><p>\u00a0<\/p><p>\u00a0<\/p><p>\u00a0<\/p><p>\u00a0<\/p><p>\u00a0<\/p><p>\u00a0<\/p><p>\u00a0<\/p><p>\u00a0<\/p><p><a href=\"http:\/\/bsg-edeka.de\/wp-content\/uploads\/2015\/03\/8.Wasserbetriebestaffel-2017-.pdf\">8.Wasserbetriebestaffel 2017<\/a><\/p><p>\u00a0<\/p><p><span style=\"color: #333399;\">\u00a0<\/span><\/p><p>\u00a0<\/p><\/div><\/div><\/div><div id=\"pgc-2126-7-1\" class=\"panel-grid-cell\" data-weight=\"0.5\"><div id=\"panel-2126-7-1-0\" class=\"so-panel widget widget_black-studio-tinymce widget_black_studio_tinymce panel-first-child panel-last-child\" data-style=\"{\"background_display\":\"tile\"}\" data-index=\"14\"><div class=\"textwidget\"><hr \/><p>\u00a0<\/p><p>\u00a0<\/p><p><a href=\"http:\/\/bsg-edeka.de\/wp-content\/uploads\/2015\/03\/8.Wasserbetriebestaffel-2017-_page1_image11.png\"><img class=\"alignleft wp-image-3734 size-medium\" src=\"http:\/\/bsg-edeka.de\/wp-content\/uploads\/2015\/03\/8.Wasserbetriebestaffel-2017-_page1_image11-300x225.png\" alt=\"\" width=\"300\" height=\"225\" \/><\/a><\/p><p>\u00a0<\/p><p>\u00a0<\/p><p>\u00a0<\/p><p>\u00a0<\/p><p>\u00a0<\/p><p>\u00a0<\/p><p>\u00a0<\/p><p><a href=\"http:\/\/bsg-edeka.de\/wp-content\/uploads\/2015\/03\/8.Wasserbetriebestaffel-2017-_page1_image13.png\"><img class=\"alignleft wp-image-3735 size-medium\" src=\"http:\/\/bsg-edeka.de\/wp-content\/uploads\/2015\/03\/8.Wasserbetriebestaffel-2017-_page1_image13-300x225.png\" alt=\"\" width=\"300\" height=\"225\" \/><\/a><\/p><p>\u00a0<\/p><p>\u00a0<\/p><p>\u00a0<\/p><p>\u00a0<\/p><p>\u00a0<\/p><p>\u00a0<\/p><p>\u00a0<\/p><p>\u00a0<\/p><p><a href=\"http:\/\/bsg-edeka.de\/wp-content\/uploads\/2015\/03\/8.Wasserbetriebestaffel-2017-_page1_image12.png\"><img class=\"alignleft wp-image-3736 size-medium\" src=\"http:\/\/bsg-edeka.de\/wp-content\/uploads\/2015\/03\/8.Wasserbetriebestaffel-2017-_page1_image12-225x300.png\" alt=\"\" width=\"225\" height=\"300\" \/><br \/> <\/a><\/p><p>\u00a0<\/p><p>\u00a0<\/p><p>\u00a0<\/p><p>\u00a0<\/p><p>\u00a0<\/p><p>\u00a0<\/p><p>\u00a0<\/p><\/div><\/div><\/div><\/div><div id=\"pg-2126-8\" class=\"panel-grid panel-no-style\" data-style=\"{\"background_display\":\"tile\"}\"><div id=\"pgc-2126-8-0\" class=\"panel-grid-cell\" data-weight=\"0.5\"><div id=\"panel-2126-8-0-0\" class=\"so-panel widget widget_black-studio-tinymce widget_black_studio_tinymce panel-first-child panel-last-child\" data-style=\"{\"background_display\":\"tile\"}\" data-index=\"15\"><div class=\"textwidget\"><hr \/><p>\u00a0<\/p><p>\u00a0<\/p><p><span style=\"font-size: 14pt; color: #333399;\">Pro Potsdam Schl\u00f6sserlauf\u00a02017<\/span><\/p><p><span style=\"color: #333399;\"><span style=\"font-size: 14pt;\">4BDG\u00b4ler <\/span><\/span><\/p><p>\u00a0<\/p><p><span style=\"font-size: 12pt; color: #000080;\"><span style=\"color: #333399;\">10 + 21,10KM<\/span><\/span><\/p><p><span style=\"color: #333399;\">Jens, Dennis K, Manfred und Stefan.<\/span><\/p><p>\u00a0<\/p><p>\u00a0<\/p><p><a href=\"http:\/\/bsg-edeka.de\/wp-content\/uploads\/2015\/03\/7.Potsdam-Schlo\u0308sserlauf-2017-_page1_image8.jpg\"><img class=\"alignleft wp-image-3724 size-medium\" src=\"http:\/\/bsg-edeka.de\/wp-content\/uploads\/2015\/03\/7.Potsdam-Schlo\u0308sserlauf-2017-_page1_image8-300x225.jpg\" alt=\"\" width=\"300\" height=\"225\" \/><br \/> <\/a><\/p><p>\u00a0<\/p><p>\u00a0<\/p><p>\u00a0<\/p><p>\u00a0<\/p><p>\u00a0<\/p><p>\u00a0<\/p><p>\u00a0<\/p><p>\u00a0<\/p><p>\u00a0<\/p><p>\u00a0<\/p><p>\u00a0<\/p><p><a href=\"http:\/\/bsg-edeka.de\/wp-content\/uploads\/2015\/03\/7.Potsdam-Schlo\u0308sserlauf-2017-.pdf\">7.Potsdam Schlo\u0308sserlauf 2017<\/a><\/p><p>\u00a0<\/p><p>\u00a0<\/p><p><span style=\"color: #333399;\">\u00a0<\/span><\/p><p>\u00a0<\/p><\/div><\/div><\/div><div id=\"pgc-2126-8-1\" class=\"panel-grid-cell\" data-weight=\"0.5\"><div id=\"panel-2126-8-1-0\" class=\"so-panel widget widget_black-studio-tinymce widget_black_studio_tinymce panel-first-child panel-last-child\" data-style=\"{\"background_display\":\"tile\"}\" data-index=\"16\"><div class=\"textwidget\"><hr \/><p>\u00a0<\/p><p>\u00a0<\/p><p><a href=\"http:\/\/bsg-edeka.de\/wp-content\/uploads\/2015\/03\/7.Potsdam-Schlo\u0308sserlauf-2017-_page1_image7.jpg\"><img class=\"alignleft wp-image-3725 size-medium\" src=\"http:\/\/bsg-edeka.de\/wp-content\/uploads\/2015\/03\/7.Potsdam-Schlo\u0308sserlauf-2017-_page1_image7-300x202.jpg\" alt=\"\" width=\"300\" height=\"202\" \/><\/a><\/p><p>\u00a0<\/p><p>\u00a0<\/p><p>\u00a0<\/p><p>\u00a0<\/p><p>\u00a0<\/p><p>\u00a0<\/p><p>\u00a0<\/p><p><a href=\"http:\/\/bsg-edeka.de\/wp-content\/uploads\/2015\/03\/7.Potsdam-Schlo\u0308sserlauf-2017-_page1_image11.png\"><img class=\"alignleft wp-image-3726 size-medium\" src=\"http:\/\/bsg-edeka.de\/wp-content\/uploads\/2015\/03\/7.Potsdam-Schlo\u0308sserlauf-2017-_page1_image11-225x300.png\" alt=\"\" width=\"225\" height=\"300\" \/><\/a><\/p><p>\u00a0<\/p><p>\u00a0<\/p><p>\u00a0<\/p><p>\u00a0<\/p><p>\u00a0<\/p><p>\u00a0<\/p><p>\u00a0<\/p><p>\u00a0<\/p><p><a href=\"http:\/\/bsg-edeka.de\/wp-content\/uploads\/2015\/03\/7.Potsdam-Schlo\u0308sserlauf-2017-_page1_image13.png\"><img class=\"alignleft wp-image-3727 size-medium\" src=\"http:\/\/bsg-edeka.de\/wp-content\/uploads\/2015\/03\/7.Potsdam-Schlo\u0308sserlauf-2017-_page1_image13-228x300.png\" alt=\"\" width=\"228\" height=\"300\" \/><br \/> <\/a><\/p><p>\u00a0<\/p><p>\u00a0<\/p><p>\u00a0<\/p><p>\u00a0<\/p><p>\u00a0<\/p><p>\u00a0<\/p><p>\u00a0<\/p><\/div><\/div><\/div><\/div><div id=\"pg-2126-9\" class=\"panel-grid panel-no-style\" data-style=\"{\"background_display\":\"tile\"}\"><div id=\"pgc-2126-9-0\" class=\"panel-grid-cell\" data-weight=\"0.5\"><div id=\"panel-2126-9-0-0\" class=\"so-panel widget widget_black-studio-tinymce widget_black_studio_tinymce panel-first-child panel-last-child\" data-style=\"{\"background_display\":\"tile\"}\" data-index=\"17\"><div class=\"textwidget\"><hr \/><p>\u00a0<\/p><p>\u00a0<\/p><p><span style=\"font-size: 14pt; color: #333399;\">Laser-Run Meisterschaft\u00a02017<\/span><\/p><p><span style=\"color: #333399;\"><span style=\"font-size: 14pt;\">5BDG\u00b4ler <\/span><\/span><\/p><p>\u00a0<\/p><p><span style=\"font-size: 12pt; color: #000080;\"><span style=\"color: #333399;\">5 x 400 KM<\/span><\/span><\/p><p><span style=\"color: #333399;\">Stefan,Gordon,Robert Stephan und Bardara.<\/span><\/p><p>\u00a0<\/p><p>\u00a0<\/p><p><a href=\"http:\/\/bsg-edeka.de\/wp-content\/uploads\/2015\/03\/6-Laser-Run-2017-_page2_image7.jpg\"><img class=\"alignleft size-medium wp-image-3695\" src=\"http:\/\/bsg-edeka.de\/wp-content\/uploads\/2015\/03\/6-Laser-Run-2017-_page2_image7-300x225.jpg\" alt=\"\" width=\"300\" height=\"225\" \/><br \/> <\/a><\/p><p>\u00a0<\/p><p>\u00a0<\/p><p>\u00a0<\/p><p>\u00a0<\/p><p>\u00a0<\/p><p>\u00a0<\/p><p>\u00a0<\/p><p>\u00a0<\/p><p>\u00a0<\/p><p>\u00a0<\/p><p>\u00a0<\/p><p><span style=\"color: #333399;\"><a style=\"color: #333399;\" href=\"http:\/\/bsg-edeka.de\/wp-content\/uploads\/2015\/03\/6.Laser-Run-2017-.pdf\">6.Laser Run 2017<\/a><\/span><\/p><p>\u00a0<\/p><p>\u00a0<\/p><p><span style=\"color: #333399;\">\u00a0<\/span><\/p><p>\u00a0<\/p><\/div><\/div><\/div><div id=\"pgc-2126-9-1\" class=\"panel-grid-cell\" data-weight=\"0.5\"><div id=\"panel-2126-9-1-0\" class=\"so-panel widget widget_black-studio-tinymce widget_black_studio_tinymce panel-first-child panel-last-child\" data-style=\"{\"background_display\":\"tile\"}\" data-index=\"18\"><div class=\"textwidget\"><hr \/><p>\u00a0<\/p><p>\u00a0<\/p><p><a href=\"http:\/\/bsg-edeka.de\/wp-content\/uploads\/2015\/03\/6-Laser-Run-2017-_page2_image8.png\"><img class=\"alignleft wp-image-3697 size-medium\" src=\"http:\/\/bsg-edeka.de\/wp-content\/uploads\/2015\/03\/6-Laser-Run-2017-_page2_image8-300x225.png\" alt=\"\" width=\"300\" height=\"225\" \/><\/a><\/p><p>\u00a0<\/p><p>\u00a0<\/p><p>\u00a0<\/p><p>\u00a0<\/p><p>\u00a0<\/p><p>\u00a0<\/p><p>\u00a0<\/p><p><a href=\"http:\/\/bsg-edeka.de\/wp-content\/uploads\/2015\/03\/6-Laser-Run-2017-_page2_image9.jpg\"><img class=\"alignleft size-medium wp-image-3698\" src=\"http:\/\/bsg-edeka.de\/wp-content\/uploads\/2015\/03\/6-Laser-Run-2017-_page2_image9-300x169.jpg\" alt=\"\" width=\"300\" height=\"169\" \/><\/a><\/p><p>\u00a0<\/p><p>\u00a0<\/p><p>\u00a0<\/p><p>\u00a0<\/p><p>\u00a0<\/p><p><a href=\"http:\/\/bsg-edeka.de\/wp-content\/uploads\/2015\/03\/6-Laser-Run-2017-_page2_image13.jpg\"><img class=\"alignleft size-medium wp-image-3699\" src=\"http:\/\/bsg-edeka.de\/wp-content\/uploads\/2015\/03\/6-Laser-Run-2017-_page2_image13-300x225.jpg\" alt=\"\" width=\"300\" height=\"225\" \/><br \/> <\/a><\/p><p>\u00a0<\/p><p>\u00a0<\/p><p>\u00a0<\/p><p>\u00a0<\/p><p>\u00a0<\/p><p>\u00a0<\/p><p>\u00a0<\/p><\/div><\/div><\/div><\/div><div id=\"pg-2126-10\" class=\"panel-grid panel-no-style\" data-style=\"{\"background_display\":\"tile\"}\"><div id=\"pgc-2126-10-0\" class=\"panel-grid-cell\" data-weight=\"0.5\"><div id=\"panel-2126-10-0-0\" class=\"so-panel widget widget_black-studio-tinymce widget_black_studio_tinymce panel-first-child panel-last-child\" data-style=\"{\"background_display\":\"tile\"}\" data-index=\"19\"><div class=\"textwidget\"><hr \/><p>\u00a0<\/p><p>\u00a0<\/p><p><span style=\"font-size: 14pt; color: #333399;\">15. Spreeald-Halbmarathon 2017<\/span><\/p><p><span style=\"color: #333399;\"><span style=\"font-size: 14pt;\">5BDG\u00b4ler <\/span><\/span><\/p><p>\u00a0<\/p><p><span style=\"font-size: 12pt; color: #000080;\"><span style=\"color: #333399;\">21,50KM<\/span><\/span><\/p><p><span style=\"color: #333399;\">Jens,Manfred,Dennis K,Gordon und Maret.<\/span><\/p><p>\u00a0<\/p><p>\u00a0<\/p><p>\u00a0<\/p><p>\u00a0<\/p><p>\u00a0<\/p><p><span style=\"color: #333399;\"><a style=\"color: #333399;\" href=\"http:\/\/bsg-edeka.de\/wp-content\/uploads\/2015\/03\/5.Spreewald-2017-.pdf\">5.Spreewald 2017<\/a><\/span><\/p><p>\u00a0<\/p><p>\u00a0<\/p><p>\u00a0<\/p><p>\u00a0<\/p><p>\u00a0<\/p><p>\u00a0<\/p><p><span style=\"color: #333399;\">\u00a0<\/span><\/p><p>\u00a0<\/p><\/div><\/div><\/div><div id=\"pgc-2126-10-1\" class=\"panel-grid-cell\" data-weight=\"0.5\"><div id=\"panel-2126-10-1-0\" class=\"so-panel widget widget_black-studio-tinymce widget_black_studio_tinymce panel-first-child panel-last-child\" data-style=\"{\"background_display\":\"tile\"}\" data-index=\"20\"><div class=\"textwidget\"><hr \/><p>\u00a0<\/p><p>\u00a0<\/p><p><a href=\"http:\/\/bsg-edeka.de\/wp-content\/uploads\/2015\/03\/5-Spreewald-2017-_page1_image7.jpg\"><img class=\"alignleft wp-image-3690 size-medium\" src=\"http:\/\/bsg-edeka.de\/wp-content\/uploads\/2015\/03\/5-Spreewald-2017-_page1_image7-300x225.jpg\" alt=\"\" width=\"300\" height=\"225\" \/><\/a><\/p><p>\u00a0<\/p><p>\u00a0<\/p><p>\u00a0<\/p><p>\u00a0<\/p><p>\u00a0<\/p><p>\u00a0<\/p><p>\u00a0<\/p><p>\u00a0<\/p><p>\u00a0<\/p><p><a href=\"http:\/\/bsg-edeka.de\/wp-content\/uploads\/2015\/03\/5-Spreewald-2017-_page1_image10.jpg\"><img class=\"alignleft wp-image-3691 size-medium\" src=\"http:\/\/bsg-edeka.de\/wp-content\/uploads\/2015\/03\/5-Spreewald-2017-_page1_image10-225x300.jpg\" alt=\"\" width=\"225\" height=\"300\" \/><\/a><\/p><\/div><\/div><\/div><\/div><div id=\"pg-2126-11\" class=\"panel-grid panel-no-style\" data-style=\"{\"background_display\":\"tile\"}\"><div id=\"pgc-2126-11-0\" class=\"panel-grid-cell\" data-weight=\"0.5\"><div id=\"panel-2126-11-0-0\" class=\"so-panel widget widget_black-studio-tinymce widget_black_studio_tinymce panel-first-child panel-last-child\" data-style=\"{\"background_display\":\"tile\"}\" data-index=\"21\"><div class=\"textwidget\"><hr \/><p>\u00a0<\/p><p>\u00a0<\/p><p><span style=\"font-size: 14pt; color: #333399;\">Securitas Night Airport Run 2017<\/span><\/p><p><span style=\"color: #333399;\"><span style=\"font-size: 14pt;\">6BDG\u00b4ler <\/span><\/span><\/p><p>\u00a0<\/p><p><span style=\"font-size: 12pt; color: #000080;\"><span style=\"color: #333399;\">10 + 21,09KM<\/span><\/span><\/p><p><span style=\"color: #333399;\">Jens,Manfred,Dennis K,und 3 Edeka SEH Mitarbeiter.<\/span><\/p><p>\u00a0<\/p><p>\u00a0<\/p><p>\u00a0<\/p><p>\u00a0<\/p><p>\u00a0<\/p><p><span style=\"color: #333399;\"><a style=\"color: #333399;\" href=\"http:\/\/bsg-edeka.de\/wp-content\/uploads\/2015\/03\/4.Airportrun-2017-.pdf\">4.Airportrun 2017<\/a><\/span><\/p><p>\u00a0<\/p><p>\u00a0<\/p><p>\u00a0<\/p><p>\u00a0<\/p><p>\u00a0<\/p><p>\u00a0<\/p><p><span style=\"color: #333399;\">\u00a0<\/span><\/p><p>\u00a0<\/p><\/div><\/div><\/div><div id=\"pgc-2126-11-1\" class=\"panel-grid-cell\" data-weight=\"0.5\"><div id=\"panel-2126-11-1-0\" class=\"so-panel widget widget_black-studio-tinymce widget_black_studio_tinymce panel-first-child panel-last-child\" data-style=\"{\"background_display\":\"tile\"}\" data-index=\"22\"><div class=\"textwidget\"><hr \/><p>\u00a0<\/p><p>\u00a0<\/p><p><a href=\"http:\/\/bsg-edeka.de\/wp-content\/uploads\/2015\/03\/4-Airportrun-2017-_page1_image12.jpg\"><img class=\"alignleft wp-image-3686 size-medium\" src=\"http:\/\/bsg-edeka.de\/wp-content\/uploads\/2015\/03\/4-Airportrun-2017-_page1_image12-300x200.jpg\" alt=\"\" width=\"300\" height=\"200\" \/><\/a><\/p><p>\u00a0<\/p><p>\u00a0<\/p><p>\u00a0<\/p><p>\u00a0<\/p><p>\u00a0<\/p><p>\u00a0<\/p><p>\u00a0<\/p><p>\u00a0<\/p><p>\u00a0<\/p><p><a href=\"http:\/\/bsg-edeka.de\/wp-content\/uploads\/2015\/03\/4-Airportrun-2017-_page1_image13.jpg\"><img class=\"alignleft wp-image-3687 size-medium\" src=\"http:\/\/bsg-edeka.de\/wp-content\/uploads\/2015\/03\/4-Airportrun-2017-_page1_image13-300x200.jpg\" alt=\"\" width=\"300\" height=\"200\" \/><\/a><\/p><\/div><\/div><\/div><\/div><div id=\"pg-2126-12\" class=\"panel-grid panel-no-style\" data-style=\"{\"background_display\":\"tile\"}\"><div id=\"pgc-2126-12-0\" class=\"panel-grid-cell\" data-weight=\"0.5\"><div id=\"panel-2126-12-0-0\" class=\"so-panel widget widget_black-studio-tinymce widget_black_studio_tinymce panel-first-child panel-last-child\" data-style=\"{\"background_display\":\"tile\"}\" data-index=\"23\"><div class=\"textwidget\"><hr \/><p>\u00a0<\/p><p>\u00a0<\/p><p><span style=\"font-size: 14pt; color: #333399;\">37.Berliner Halbmarathon2017<\/span><\/p><p><span style=\"color: #333399;\"><span style=\"font-size: 14pt;\">12BDG\u00b4ler <\/span><\/span><\/p><p>\u00a0<\/p><p><span style=\"font-size: 12pt; color: #000080;\"><span style=\"color: #333399;\">21,09KM<\/span><\/span><\/p><p><span style=\"color: #333399;\">Jens,Christian,Markus,Marcel H,Manfred,Dennis K,Dennis H,Maret,Jeanette,Marcel K,Jens und Barbara.<\/span><\/p><p>\u00a0<\/p><p>\u00a0<\/p><p>\u00a0<\/p><p>\u00a0<\/p><p>\u00a0<\/p><p><span style=\"color: #333399;\"><a style=\"color: #333399;\" href=\"http:\/\/bsg-edeka.de\/wp-content\/uploads\/2015\/03\/3.Berliner-Halbmararthon-2017-.pdf\">3.Berliner Halbmararthon 2017<\/a><\/span><\/p><p>\u00a0<\/p><p><span style=\"color: #333399;\">\u00a0<\/span><\/p><p>\u00a0<\/p><p>\u00a0<\/p><\/div><\/div><\/div><div id=\"pgc-2126-12-1\" class=\"panel-grid-cell\" data-weight=\"0.5\"><div id=\"panel-2126-12-1-0\" class=\"so-panel widget widget_black-studio-tinymce widget_black_studio_tinymce panel-first-child panel-last-child\" data-style=\"{\"background_display\":\"tile\"}\" data-index=\"24\"><div class=\"textwidget\"><hr \/><p>\u00a0<\/p><p>\u00a0<\/p><p><a href=\"http:\/\/bsg-edeka.de\/wp-content\/uploads\/2015\/03\/3-Berliner-Halbmararthon-2017-_page1_image7.jpg\"><img class=\"alignleft wp-image-3681 size-medium\" src=\"http:\/\/bsg-edeka.de\/wp-content\/uploads\/2015\/03\/3-Berliner-Halbmararthon-2017-_page1_image7-300x225.jpg\" alt=\"\" width=\"300\" height=\"225\" \/><\/a><\/p><p>\u00a0<\/p><p>\u00a0<\/p><p>\u00a0<\/p><p>\u00a0<\/p><p>\u00a0<\/p><p>\u00a0<\/p><p>\u00a0<\/p><p>\u00a0<\/p><p>\u00a0<\/p><p><a href=\"http:\/\/bsg-edeka.de\/wp-content\/uploads\/2015\/03\/3-Berliner-Halbmararthon-2017-_page1_image9.jpg\"><img class=\"alignleft wp-image-3682 size-medium\" src=\"http:\/\/bsg-edeka.de\/wp-content\/uploads\/2015\/03\/3-Berliner-Halbmararthon-2017-_page1_image9-300x225.jpg\" alt=\"\" width=\"300\" height=\"225\" \/><\/a><\/p><\/div><\/div><\/div><\/div><div id=\"pg-2126-13\" class=\"panel-grid panel-no-style\" data-style=\"{\"background_display\":\"tile\"}\"><div id=\"pgc-2126-13-0\" class=\"panel-grid-cell\" data-weight=\"0.5\"><div id=\"panel-2126-13-0-0\" class=\"so-panel widget widget_black-studio-tinymce widget_black_studio_tinymce panel-first-child panel-last-child\" data-style=\"{\"background_display\":\"tile\"}\" data-index=\"25\"><div class=\"textwidget\"><hr \/><p>\u00a0<\/p><p>\u00a0<\/p><p><span style=\"font-size: 14pt; color: #333399;\">Frost-Wiesen Lauf 2017<\/span><\/p><p><span style=\"color: #333399;\"><span style=\"font-size: 14pt;\">7BDG\u00b4ler <\/span><\/span><\/p><p>\u00a0<\/p><p><span style=\"font-size: 12pt; color: #000080;\"><span style=\"color: #333399;\">10+20+30KM<\/span><\/span><\/p><p><span style=\"color: #333399;\">Oli, Stephan, Robert, Markus, Manfred, Marcel, Dennis und Maret.<\/span><\/p><p>\u00a0<\/p><p><span style=\"color: #333399;\">\u00a0<\/span><\/p><p>\u00a0<\/p><p><a href=\"http:\/\/bsg-edeka.de\/wp-content\/uploads\/2015\/03\/2.Frostwiesen-Lauf-2017-_page1_image8.jpg\" rel=\"attachment wp-att-3150\"><img class=\"alignleft wp-image-3641 size-medium\" src=\"http:\/\/bsg-edeka.de\/wp-content\/uploads\/2015\/03\/2.Frostwiesen-Lauf-2017-_page1_image8-300x225.jpg\" width=\"300\" height=\"225\" \/><\/a><\/p><p>\u00a0<\/p><p>\u00a0<\/p><p>\u00a0<\/p><p>\u00a0<\/p><p>\u00a0<\/p><p>\u00a0<\/p><p>\u00a0<\/p><p>\u00a0<\/p><p>\u00a0<\/p><p>\u00a0<\/p><p>\u00a0<\/p><p>\u00a0<\/p><p>\u00a0<\/p><p>\u00a0<\/p><p><span style=\"color: #333399;\">\u00a0<\/span><\/p><p>\u00a0<\/p><\/div><\/div><\/div><div id=\"pgc-2126-13-1\" class=\"panel-grid-cell\" data-weight=\"0.5\"><div id=\"panel-2126-13-1-0\" class=\"so-panel widget widget_black-studio-tinymce widget_black_studio_tinymce panel-first-child panel-last-child\" data-style=\"{\"background_display\":\"tile\"}\" data-index=\"26\"><div class=\"textwidget\"><hr \/><p>\u00a0<\/p><p>\u00a0<\/p><p><a href=\"http:\/\/bsg-edeka.de\/wp-content\/uploads\/2015\/03\/2.Frostwiesen-Lauf-2017-_page1_image14.jpg\"><img class=\"alignleft wp-image-3642 size-medium\" src=\"http:\/\/bsg-edeka.de\/wp-content\/uploads\/2015\/03\/2.Frostwiesen-Lauf-2017-_page1_image14-225x300.jpg\" width=\"225\" height=\"300\" \/><\/a><\/p><p>\u00a0<\/p><p>\u00a0<\/p><p>\u00a0<\/p><p>\u00a0<\/p><p>\u00a0<\/p><p>\u00a0<\/p><p>\u00a0<\/p><p>\u00a0<\/p><p>\u00a0<\/p><p><a href=\"http:\/\/bsg-edeka.de\/wp-content\/uploads\/2015\/03\/2.Frostwiesen-Lauf-2017-_page1_image12.jpg\"><img class=\"alignleft wp-image-3643 size-medium\" src=\"http:\/\/bsg-edeka.de\/wp-content\/uploads\/2015\/03\/2.Frostwiesen-Lauf-2017-_page1_image12-225x300.jpg\" width=\"225\" height=\"300\" \/><\/a><\/p><\/div><\/div><\/div><\/div><div id=\"pg-2126-14\" class=\"panel-grid panel-no-style\" data-style=\"{\"background_display\":\"tile\"}\"><div id=\"pgc-2126-14-0\" class=\"panel-grid-cell\" data-weight=\"0.5\"><div id=\"panel-2126-14-0-0\" class=\"so-panel widget widget_black-studio-tinymce widget_black_studio_tinymce panel-first-child panel-last-child\" data-style=\"{\"background_display\":\"tile\"}\" data-index=\"27\"><div class=\"textwidget\"><hr \/><p>\u00a0<\/p><p>\u00a0<\/p><p><span style=\"font-size: 14pt; color: #333399;\">Brocken Challenge 2017<\/span><\/p><p><span style=\"color: #333399;\"><span style=\"font-size: 14pt;\">2BDG\u00b4ler <\/span><\/span><\/p><p>\u00a0<\/p><p><span style=\"font-size: 12pt; color: #000080;\"><span style=\"color: #333399;\">80,30 KM<\/span><\/span><\/p><p><span style=\"color: #333399;\">Oli und Stephan<\/span><\/p><p>\u00a0<\/p><p><span style=\"color: #333399;\">\u00a0<\/span><\/p><p>\u00a0<\/p><p><a href=\"http:\/\/bsg-edeka.de\/wp-content\/uploads\/2015\/03\/1.Brocken-Challenge-2017-1.jpg\" rel=\"attachment wp-att-3150\"><img class=\"alignleft wp-image-3639 size-medium\" src=\"http:\/\/bsg-edeka.de\/wp-content\/uploads\/2015\/03\/1.Brocken-Challenge-2017-1-169x300.jpg\" width=\"169\" height=\"300\" \/><\/a><\/p><p>\u00a0<\/p><p>\u00a0<\/p><p>\u00a0<\/p><p>\u00a0<\/p><p>\u00a0<\/p><p>\u00a0<\/p><p>\u00a0<\/p><p>\u00a0<\/p><p>\u00a0<\/p><p>\u00a0<\/p><p>\u00a0<\/p><p>\u00a0<\/p><p>\u00a0<\/p><p>\u00a0<\/p><p><span style=\"color: #333399;\">\u00a0<\/span><\/p><p>\u00a0<\/p><\/div><\/div><\/div><div id=\"pgc-2126-14-1\" class=\"panel-grid-cell\" data-weight=\"0.5\"><div id=\"panel-2126-14-1-0\" class=\"so-panel widget widget_black-studio-tinymce widget_black_studio_tinymce panel-first-child panel-last-child\" data-style=\"{\"background_display\":\"tile\"}\" data-index=\"28\"><div class=\"textwidget\"><hr \/><p>\u00a0<\/p><p>\u00a0<\/p><p><a href=\"http:\/\/bsg-edeka.de\/wp-content\/uploads\/2015\/03\/1.Brocken-Challenge-2017-3.jpg\"><img class=\"alignleft size-medium wp-image-3638\" src=\"http:\/\/bsg-edeka.de\/wp-content\/uploads\/2015\/03\/1.Brocken-Challenge-2017-3-300x169.jpg\" alt=\"\" width=\"300\" height=\"169\" \/><\/a><\/p><p>\u00a0<\/p><p>\u00a0<\/p><p>\u00a0<\/p><p>\u00a0<\/p><p>\u00a0<\/p><p>\u00a0<\/p><p>\u00a0<\/p><p><a href=\"http:\/\/bsg-edeka.de\/wp-content\/uploads\/2015\/03\/1.Brocken-Challenge-2017-2.jpg\"><img class=\"alignleft size-medium wp-image-3640\" src=\"http:\/\/bsg-edeka.de\/wp-content\/uploads\/2015\/03\/1.Brocken-Challenge-2017-2-169x300.jpg\" alt=\"\" width=\"169\" height=\"300\" \/><\/a><\/p><\/div><\/div><\/div><\/div><div id=\"pg-2126-15\" class=\"panel-grid panel-no-style\" data-style=\"{\"background_display\":\"tile\"}\"><div id=\"pgc-2126-15-0\" class=\"panel-grid-cell\" data-weight=\"0.5\"><div id=\"panel-2126-15-0-0\" class=\"so-panel widget widget_black-studio-tinymce widget_black_studio_tinymce panel-first-child panel-last-child\" data-style=\"{\"background_display\":\"tile\"}\" data-index=\"29\"><div class=\"textwidget\"><hr \/><p>\u00a0<\/p><p>\u00a0<\/p><p><span style=\"font-size: 14pt; color: #333399;\">SCC-Berliner Sivesterlauf<\/span><\/p><p><span style=\"font-size: 14pt; color: #333399;\">31. Dezember 2016<\/span><\/p><p><span style=\"color: #333399;\"><span style=\"font-size: 14pt;\">5BDG\u00b4ler <\/span><\/span><\/p><p>\u00a0<\/p><p><span style=\"font-size: 12pt; color: #000080;\"><span style=\"color: #333399;\">9,90 KM<\/span><\/span><\/p><p><span style=\"color: #333399;\">Manfred,\u00a0Barbara, Dennis K, Robert\u00a0und Stephan<\/span><\/p><p>\u00a0<\/p><p><span style=\"color: #333399;\">\u00a0<\/span><\/p><p>\u00a0<\/p><p><a href=\"http:\/\/bsg-edeka.de\/wp-content\/uploads\/2015\/03\/26.-Silvesterlauf-2016-_page1_image8.jpg\" rel=\"attachment wp-att-3150\"><img class=\"alignleft wp-image-3612 size-medium\" src=\"http:\/\/bsg-edeka.de\/wp-content\/uploads\/2015\/03\/26.-Silvesterlauf-2016-_page1_image8-300x225.jpg\" width=\"300\" height=\"225\" \/><\/a><\/p><p>\u00a0<\/p><p>\u00a0<\/p><p>\u00a0<\/p><p>\u00a0<\/p><p>\u00a0<\/p><p>\u00a0<\/p><p>\u00a0<\/p><p>\u00a0<\/p><p>\u00a0<\/p><p>\u00a0<\/p><p>\u00a0<\/p><p>\u00a0<\/p><p>\u00a0<\/p><p>\u00a0<\/p><p><span style=\"color: #333399;\">\u00a0<a style=\"color: #333399;\" href=\"http:\/\/bsg-edeka.de\/wp-content\/uploads\/2015\/03\/26.-Silvesterlauf-2016-.pdf\">26. Silvesterlauf 2016<\/a><\/span><\/p><p>\u00a0<\/p><\/div><\/div><\/div><div id=\"pgc-2126-15-1\" class=\"panel-grid-cell\" data-weight=\"0.5\"><div id=\"panel-2126-15-1-0\" class=\"so-panel widget widget_black-studio-tinymce widget_black_studio_tinymce panel-first-child panel-last-child\" data-style=\"{\"background_display\":\"tile\"}\" data-index=\"30\"><div class=\"textwidget\"><hr \/><p>\u00a0<\/p><p>\u00a0<\/p><p>\u00a0<\/p><p><a href=\"http:\/\/bsg-edeka.de\/wp-content\/uploads\/2015\/03\/26.-Silvesterlauf-2016-_page1_image9.jpg\" rel=\"attachment wp-att-2981\"><img class=\"alignleft wp-image-3614 size-medium\" src=\"http:\/\/bsg-edeka.de\/wp-content\/uploads\/2015\/03\/26.-Silvesterlauf-2016-_page1_image9-300x225.jpg\" width=\"300\" height=\"225\" \/><\/a><\/p><p>\u00a0<\/p><p>\u00a0<\/p><p>\u00a0<\/p><p>\u00a0<\/p><p>\u00a0<\/p><p>\u00a0<\/p><p>\u00a0<\/p><p>\u00a0<\/p><p><a href=\"http:\/\/bsg-edeka.de\/wp-content\/uploads\/2015\/03\/26.-Silvesterlauf-2016-_page1_image10.png\"><img class=\"alignleft wp-image-3615 size-medium\" src=\"http:\/\/bsg-edeka.de\/wp-content\/uploads\/2015\/03\/26.-Silvesterlauf-2016-_page1_image10-300x75.png\" width=\"300\" height=\"75\" \/><\/a><\/p><p>\u00a0<\/p><p>\u00a0<\/p><p>\u00a0<\/p><p>\u00a0<\/p><p>\u00a0<\/p><p>\u00a0<\/p><p>\u00a0<\/p><p>\u00a0<\/p><p>\u00a0<\/p><p>\u00a0<\/p><\/div><\/div><\/div><\/div><div id=\"pg-2126-16\" class=\"panel-grid panel-no-style\" data-style=\"{\"background_display\":\"tile\"}\"><div id=\"pgc-2126-16-0\" class=\"panel-grid-cell\" data-weight=\"0.5\"><div id=\"panel-2126-16-0-0\" class=\"so-panel widget widget_black-studio-tinymce widget_black_studio_tinymce panel-first-child panel-last-child\" data-style=\"{\"background_display\":\"tile\"}\" data-index=\"31\"><div class=\"textwidget\"><hr \/><p>\u00a0<\/p><p>\u00a0<\/p><p><span style=\"font-size: 14pt; color: #333399;\">Lauf in die Tropen Tropical Islands<\/span><\/p><p><span style=\"font-size: 14pt; color: #333399;\">13. November 2016<\/span><\/p><p><span style=\"color: #333399;\"><span style=\"font-size: 14pt;\">4 BDG\u00b4ler <\/span><\/span><\/p><p>\u00a0<\/p><p><span style=\"font-size: 12pt; color: #000080;\"><span style=\"color: #333399;\">4+8+12+16+21,09 KM<\/span><\/span><\/p><p><span style=\"color: #333399;\">Manfred, Jens, Marit und Stephan<\/span><\/p><p>\u00a0<\/p><p><span style=\"color: #333399;\">\u00a0<\/span><\/p><p>\u00a0<\/p><p><a href=\"http:\/\/bsg-edeka.de\/wp-content\/uploads\/2015\/03\/25.-Lauf-um-die-Tropen-2016-_page1_image12.jpg\" rel=\"attachment wp-att-3150\"><img class=\"alignleft wp-image-3599 size-medium\" src=\"http:\/\/bsg-edeka.de\/wp-content\/uploads\/2015\/03\/25.-Lauf-um-die-Tropen-2016-_page1_image12-225x300.jpg\" width=\"225\" height=\"300\" \/><\/a><\/p><p>\u00a0<\/p><p>\u00a0<\/p><p>\u00a0<\/p><p>\u00a0<\/p><p>\u00a0<\/p><p>\u00a0<\/p><p>\u00a0<\/p><p>\u00a0<\/p><p>\u00a0<\/p><p>\u00a0<\/p><p>\u00a0<\/p><p>\u00a0<\/p><p>\u00a0<\/p><p>\u00a0<\/p><p><span style=\"color: #333399;\">\u00a0<\/span><\/p><p>\u00a0<\/p><\/div><\/div><\/div><div id=\"pgc-2126-16-1\" class=\"panel-grid-cell\" data-weight=\"0.5\"><div id=\"panel-2126-16-1-0\" class=\"so-panel widget widget_black-studio-tinymce widget_black_studio_tinymce panel-first-child panel-last-child\" data-style=\"{\"background_display\":\"tile\"}\" data-index=\"32\"><div class=\"textwidget\"><hr \/><p>\u00a0<\/p><p>\u00a0<\/p><p>\u00a0<\/p><p><a href=\"http:\/\/bsg-edeka.de\/wp-content\/uploads\/2015\/03\/25.-Lauf-um-die-Tropen-2016-_page1_image10.jpg\" rel=\"attachment wp-att-2981\"><img class=\"alignleft wp-image-3600 size-medium\" src=\"http:\/\/bsg-edeka.de\/wp-content\/uploads\/2015\/03\/25.-Lauf-um-die-Tropen-2016-_page1_image10-225x300.jpg\" width=\"225\" height=\"300\" \/><\/a><\/p><p>\u00a0<\/p><p>\u00a0<\/p><p>\u00a0<\/p><p>\u00a0<\/p><p>\u00a0<\/p><p>\u00a0<\/p><p>\u00a0<\/p><p>\u00a0<\/p><p><a href=\"http:\/\/bsg-edeka.de\/wp-content\/uploads\/2015\/03\/25.-Lauf-um-die-Tropen-2016-_page1_image11.jpg\"><img class=\"alignleft wp-image-3601 size-medium\" src=\"http:\/\/bsg-edeka.de\/wp-content\/uploads\/2015\/03\/25.-Lauf-um-die-Tropen-2016-_page1_image11-225x300.jpg\" width=\"225\" height=\"300\" \/><\/a><\/p><p>\u00a0<\/p><p>\u00a0<\/p><p>\u00a0<\/p><p>\u00a0<\/p><p>\u00a0<\/p><p>\u00a0<\/p><p>\u00a0<\/p><p>\u00a0<\/p><p>\u00a0<\/p><p>\u00a0<\/p><\/div><\/div><\/div><\/div><div id=\"pg-2126-17\" class=\"panel-grid panel-no-style\"><div id=\"pgc-2126-17-0\" class=\"panel-grid-cell\" data-weight=\"1\"><div id=\"panel-2126-17-0-0\" class=\"so-panel widget widget_black-studio-tinymce widget_black_studio_tinymce panel-first-child panel-last-child\" data-style=\"{\"background_display\":\"tile\"}\" data-index=\"33\"><div class=\"textwidget\"><p>\u00a0<\/p><p>\u00a0<\/p><hr \/><p>\u00a0<\/p><p><span style=\"color: #333399; font-size: 14pt;\"><a style=\"color: #333399;\" href=\" http:\/\/bsg-edeka.de\/brichte-archiv\/\">Link zu Brichte-Archiv<\/a><\/span><\/p><p>\u00a0<\/p><p>\u00a0<\/p><p>\u00a0<\/p><hr \/><p>\u00a0<\/p><\/div><\/div><\/div><\/div><\/div>","_et_gb_content_width":"","footnotes":""},"class_list":["post-2126","page","type-page","status-publish","hentry"],"_links":{"self":[{"href":"https:\/\/www.bsg-edeka.de\/aktuelles\/wp-json\/wp\/v2\/pages\/2126","targetHints":{"allow":["GET"]}}],"collection":[{"href":"https:\/\/www.bsg-edeka.de\/aktuelles\/wp-json\/wp\/v2\/pages"}],"about":[{"href":"https:\/\/www.bsg-edeka.de\/aktuelles\/wp-json\/wp\/v2\/types\/page"}],"author":[{"embeddable":true,"href":"https:\/\/www.bsg-edeka.de\/aktuelles\/wp-json\/wp\/v2\/users\/5"}],"replies":[{"embeddable":true,"href":"https:\/\/www.bsg-edeka.de\/aktuelles\/wp-json\/wp\/v2\/comments?post=2126"}],"version-history":[{"count":1,"href":"https:\/\/www.bsg-edeka.de\/aktuelles\/wp-json\/wp\/v2\/pages\/2126\/revisions"}],"predecessor-version":[{"id":7247,"href":"https:\/\/www.bsg-edeka.de\/aktuelles\/wp-json\/wp\/v2\/pages\/2126\/revisions\/7247"}],"up":[{"embeddable":true,"href":"https:\/\/www.bsg-edeka.de\/aktuelles\/wp-json\/wp\/v2\/pages\/50"}],"wp:attachment":[{"href":"https:\/\/www.bsg-edeka.de\/aktuelles\/wp-json\/wp\/v2\/media?parent=2126"}],"curies":[{"name":"wp","href":"https:\/\/api.w.org\/{rel}","templated":true}]}}